{"version":"1.0","provider_name":"Domaine Fr\u00f4t\u00e9","provider_url":"https:\/\/frote.ch\/de","author_name":"admin","author_url":"https:\/\/frote.ch\/de\/author\/admin\/","title":"Rose de Garide - Domaine Fr\u00f4t\u00e9","type":"rich","width":600,"height":338,"html":"<blockquote class=\"wp-embedded-content\" data-secret=\"ekaZ3IjFtF\"><a href=\"https:\/\/frote.ch\/de\/nos-vins\/rose-de-garide\/\">Rose de Garide<\/a><\/blockquote><iframe sandbox=\"allow-scripts\" security=\"restricted\" src=\"https:\/\/frote.ch\/de\/nos-vins\/rose-de-garide\/embed\/#?secret=ekaZ3IjFtF\" width=\"600\" height=\"338\" title=\"&#171;Rose de Garide&#187; &#8211; Domaine Fr\u00f4t\u00e9\" data-secret=\"ekaZ3IjFtF\" frameborder=\"0\" marginwidth=\"0\" marginheight=\"0\" scrolling=\"no\" class=\"wp-embedded-content\"><\/iframe><script type=\"text\/javascript\">\n\/* <![CDATA[ *\/\n\/*! This file is auto-generated *\/\n!function(d,l){\"use strict\";l.querySelector&&d.addEventListener&&\"undefined\"!=typeof URL&&(d.wp=d.wp||{},d.wp.receiveEmbedMessage||(d.wp.receiveEmbedMessage=function(e){var t=e.data;if((t||t.secret||t.message||t.value)&&!\/[^a-zA-Z0-9]\/.test(t.secret)){for(var s,r,n,a=l.querySelectorAll('iframe[data-secret=\"'+t.secret+'\"]'),o=l.querySelectorAll('blockquote[data-secret=\"'+t.secret+'\"]'),c=new RegExp(\"^https?:$\",\"i\"),i=0;i<o.length;i++)o[i].style.display=\"none\";for(i=0;i<a.length;i++)s=a[i],e.source===s.contentWindow&&(s.removeAttribute(\"style\"),\"height\"===t.message?(1e3<(r=parseInt(t.value,10))?r=1e3:~~r<200&&(r=200),s.height=r):\"link\"===t.message&&(r=new URL(s.getAttribute(\"src\")),n=new URL(t.value),c.test(n.protocol))&&n.host===r.host&&l.activeElement===s&&(d.top.location.href=t.value))}},d.addEventListener(\"message\",d.wp.receiveEmbedMessage,!1),l.addEventListener(\"DOMContentLoaded\",function(){for(var e,t,s=l.querySelectorAll(\"iframe.wp-embedded-content\"),r=0;r<s.length;r++)(t=(e=s[r]).getAttribute(\"data-secret\"))||(t=Math.random().toString(36).substring(2,12),e.src+=\"#?secret=\"+t,e.setAttribute(\"data-secret\",t)),e.contentWindow.postMessage({message:\"ready\",secret:t},\"*\")},!1)))}(window,document);\n\/* ]]> *\/\n<\/script>","thumbnail_url":"https:\/\/frote.ch\/wp-content\/uploads\/2021\/07\/btlle_rose_new.png","thumbnail_width":1386,"thumbnail_height":2000,"description":"Ode \u00e0 la garide dont il est issu, notre ros\u00e9 s\u2019habille d\u2019une robe p\u00e2le couleur chair d\u2019une belle brillance. Son nez estival se compose d\u2019ar\u00f4mes d\u2019agrumes et de fruits blancs. Tout en l\u00e9g\u00e8ret\u00e9 et fra\u00eecheur, il r\u00e9v\u00e8le en bouche un beau panier de fruit compos\u00e9 de p\u00eaches, poires et citrons auquel s\u2019ajoutent de d\u00e9licates notes florales. Une pointe de min\u00e9ralit\u00e9 vient prolonger le plaisir de sa d\u00e9gustation empreinte de soleil."}