{"id":150,"date":"2018-08-09T09:50:51","date_gmt":"2018-08-09T09:50:51","guid":{"rendered":"http:\/\/okthemes.com\/traciandemo2\/?page_id=150"},"modified":"2022-06-08T14:36:25","modified_gmt":"2022-06-08T12:36:25","slug":"homepage","status":"publish","type":"page","link":"https:\/\/frote.ch\/de\/","title":{"rendered":"Accueil"},"content":{"rendered":"<div class=\"vc_row wpb_row vc_row-fluid\"><div class=\"wpb_column vc_column_container vc_col-sm-12\"><div class=\"vc_column-inner\"><div class=\"wpb_wrapper\"><div class=\"vc_empty_space\"   style=\"height: 3em\"><span class=\"vc_empty_space_inner\"><\/span><\/div><\/div><\/div><\/div><\/div><div data-vc-full-width=\"true\" data-vc-full-width-init=\"false\" class=\"vc_row wpb_row vc_row-fluid col-opposition\"><div class=\"wpb_column vc_column_container vc_col-sm-6\"><div class=\"vc_column-inner\"><div class=\"wpb_wrapper\">\n\t<div class=\"wpb_text_column wpb_content_element\" >\n\t\t<div class=\"wpb_wrapper\">\n\t\t\t<h1>Generationen von Passionierten<\/h1>\n<p>Diese Gemeinschaft von M\u00e4nnern und Frauen entstand aus einer Leidenschaft f\u00fcr das Terroir von Neuveville und der Freundschaft \u00fcber mehrere Generationen zwischen den Familien Fr\u00f4t\u00e9 und Auberson. Charles Fr\u00f4t\u00e9, ein erdverbundener Rechtsanwalt und Genie\u00dfer, erwarb 1956 den ersten Weinberg. Dann verliehen Fran\u00e7ois und Claude Fr\u00f4t\u00e9 dem Weingut in enger Zusammenarbeit mit Michel und sp\u00e4ter Claude Auberson seine heutige Form. Jetzt ist es die dritte Generation der Familien Fr\u00f4t\u00e9 und Auberson, der sich Alain Gerber angeschlossen hat, die dieses Abenteuer aus Leidenschaft fortsetzt.<\/p>\n<p class=\"translation-block\">Sehen Sie hier den <a href=\"https:\/\/frote.ch\/de\/film-institutionnel\/\" target=\"_self\">Film \u00fcber das Weingut<\/a>.<\/p>\n\n\t\t<\/div>\n\t<\/div>\n\n\t<div class=\"gg-special-button-wrapper  special-button-align-left special-button-style-btn-primary\"><a class=\"btn btn-primary\" href=\"\/de\/le-domaine\/#domaine\" title=\"Das Gut\" target=\"_self\">Das Gut<\/a><\/div>\n\t<div  class=\"wpb_single_image wpb_content_element vc_align_center\">\n\t\t\n\t\t<figure class=\"wpb_wrapper vc_figure\">\n\t\t\t<div class=\"vc_single_image-wrapper   vc_box_border_grey\"><img loading=\"lazy\" decoding=\"async\" width=\"814\" height=\"1024\" src=\"https:\/\/frote.ch\/wp-content\/uploads\/2021\/08\/grappe-814x1024.png\" class=\"vc_single_image-img attachment-large\" alt=\"Grappe\" srcset=\"https:\/\/frote.ch\/wp-content\/uploads\/2021\/08\/grappe-814x1024.png 814w, https:\/\/frote.ch\/wp-content\/uploads\/2021\/08\/grappe-239x300.png 239w, https:\/\/frote.ch\/wp-content\/uploads\/2021\/08\/grappe-768x966.png 768w, https:\/\/frote.ch\/wp-content\/uploads\/2021\/08\/grappe.png 1003w\" sizes=\"auto, (max-width: 814px) 100vw, 814px\" \/><\/div>\n\t\t<\/figure>\n\t<\/div>\n<\/div><\/div><\/div><div class=\"wpb_column vc_column_container vc_col-sm-6\"><div class=\"vc_column-inner\"><div class=\"wpb_wrapper\">\n\t<div  class=\"wpb_single_image wpb_content_element vc_align_center\">\n\t\t\n\t\t<figure class=\"wpb_wrapper vc_figure\">\n\t\t\t<div class=\"vc_single_image-wrapper   vc_box_border_grey\"><img loading=\"lazy\" decoding=\"async\" width=\"822\" height=\"1024\" src=\"https:\/\/frote.ch\/wp-content\/uploads\/2020\/10\/homepage_2-822x1024.png\" class=\"vc_single_image-img attachment-large\" alt=\"\" srcset=\"https:\/\/frote.ch\/wp-content\/uploads\/2020\/10\/homepage_2-822x1024.png 822w, https:\/\/frote.ch\/wp-content\/uploads\/2020\/10\/homepage_2-241x300.png 241w, https:\/\/frote.ch\/wp-content\/uploads\/2020\/10\/homepage_2-768x956.png 768w, https:\/\/frote.ch\/wp-content\/uploads\/2020\/10\/homepage_2.png 1003w\" sizes=\"auto, (max-width: 822px) 100vw, 822px\" \/><\/div>\n\t\t<\/figure>\n\t<\/div>\n\n\t<div class=\"wpb_text_column wpb_content_element\" >\n\t\t<div class=\"wpb_wrapper\">\n\t\t\t<h1 class=\"translation-block\">Unsere Cave in<br>\nder Tour Carr\u00e9e<\/h1>\n<p>Unser Weinkeller befindet sich vor Blicken gut gesch\u00fctzt in der 1520 erbauten Tour Carr\u00e9e in La Neuveville.<\/p>\n\n\t\t<\/div>\n\t<\/div>\n\n\t<div class=\"gg-special-button-wrapper  special-button-align-left special-button-style-btn-primary\"><a class=\"btn btn-primary\" href=\"\/de\/le-domaine\/#tour_carree\" title=\"Die Tour Carr\u00e9e\" target=\"_self\">Die Tour Carr\u00e9e<\/a><\/div><\/div><\/div><\/div><\/div><div class=\"vc_row-full-width vc_clearfix\"><\/div><div class=\"vc_row wpb_row vc_row-fluid suggestion-de-saison\"><div class=\"wpb_column vc_column_container vc_col-sm-6\"><div class=\"vc_column-inner\"><div class=\"wpb_wrapper\">\n\t<div  class=\"wpb_single_image wpb_content_element vc_align_center\">\n\t\t\n\t\t<figure class=\"wpb_wrapper vc_figure\">\n\t\t\t<div class=\"vc_single_image-wrapper   vc_box_border_grey\"><img loading=\"lazy\" decoding=\"async\" width=\"1204\" height=\"1627\" src=\"https:\/\/frote.ch\/wp-content\/uploads\/2020\/12\/produit_pinot_big.png\" class=\"vc_single_image-img attachment-full\" alt=\"Pinot Noir\" srcset=\"https:\/\/frote.ch\/wp-content\/uploads\/2020\/12\/produit_pinot_big.png 1204w, https:\/\/frote.ch\/wp-content\/uploads\/2020\/12\/produit_pinot_big-222x300.png 222w, https:\/\/frote.ch\/wp-content\/uploads\/2020\/12\/produit_pinot_big-758x1024.png 758w, https:\/\/frote.ch\/wp-content\/uploads\/2020\/12\/produit_pinot_big-768x1038.png 768w, https:\/\/frote.ch\/wp-content\/uploads\/2020\/12\/produit_pinot_big-1137x1536.png 1137w\" sizes=\"auto, (max-width: 1204px) 100vw, 1204px\" \/><\/div>\n\t\t<\/figure>\n\t<\/div>\n<\/div><\/div><\/div><div class=\"wpb_column vc_column_container vc_col-sm-6\"><div class=\"vc_column-inner\"><div class=\"wpb_wrapper\">\n\t<div class=\"title-subtitle-box\" style=\" text-align: left;\">\n\t\t<h1 style=\" font-style: normal;\" class=\"special-title\" >\n\t\t<span style=\"\">Die saisonale Empfehlung<\/span>Pinot Noir<\/h1>\n\t<\/div> \n\t<div class=\"wpb_text_column wpb_content_element\" >\n\t\t<div class=\"wpb_wrapper\">\n\t\t\t<p>Unser Pinot Noir oder Blauburgunder, diese feurige Rebsorte, deren kr\u00e4ftige Natur man bremsen muss, zieht ihre Ressourcen voll aus dem kalkhaltigen Boden, auf dem sie stockt. Heikel im Anbau, ergibt sie hier einen Wein, dessen Temperament und feine aromatische Palette bezaubern und begeistern. Im Auftakt l\u00fcftet sich der Schleier \u00fcber Duftnoten von Pfingstrosen, am Gaumen gefolgt von rassigen und sortentypischen Geschmacksempfindungen mit vorherrschenden Aromen von roten und schwarzen Beeren sowie bei \u00e4lteren Jahrg\u00e4ngen sogar einer ledrigen Note.<\/p>\n\n\t\t<\/div>\n\t<\/div>\n\n\t<div class=\"gg-special-button-wrapper  special-button-align-left special-button-style-btn-secondary\"><a class=\"btn btn-secondary\" href=\"#recommandations\" title=\"Empfehlungen\" target=\"_self\">Empfehlungen<\/a><\/div>\n\t<div class=\"gg-special-button-wrapper  special-button-align-left special-button-style-btn-primary\"><a class=\"btn btn-primary\" href=\"\/de\/nos-vin\/\" title=\"Unsere Weine\" target=\"_self\">Unsere Weine<\/a><\/div>\n\t<div class=\"wpb_text_column wpb_content_element\" >\n\t\t<div class=\"wpb_wrapper\">\n\t\t\t<p>Haben Sie eine Frage? Einen Wunsch?<br \/>\nRufen Sie Claire Fr\u00f4t\u00e9 an: <a href=\"tel:+41792985150\">+41 (0)79 298 51 50<\/a><\/p>\n\n\t\t<\/div>\n\t<\/div>\n<\/div><\/div><\/div><\/div><div data-vc-full-width=\"true\" data-vc-full-width-init=\"false\" data-vc-stretch-content=\"true\" class=\"vc_row wpb_row vc_row-fluid image-full vc_row-no-padding\"><div class=\"wpb_column vc_column_container vc_col-sm-12\"><div class=\"vc_column-inner\"><div class=\"wpb_wrapper\">\n\t<div  class=\"wpb_single_image wpb_content_element vc_align_center\">\n\t\t\n\t\t<figure class=\"wpb_wrapper vc_figure\">\n\t\t\t<div class=\"vc_single_image-wrapper   vc_box_border_grey\"><img loading=\"lazy\" decoding=\"async\" width=\"3631\" height=\"1523\" src=\"https:\/\/frote.ch\/wp-content\/uploads\/2020\/10\/homepage_3.png\" class=\"vc_single_image-img attachment-full\" alt=\"\" srcset=\"https:\/\/frote.ch\/wp-content\/uploads\/2020\/10\/homepage_3.png 3631w, https:\/\/frote.ch\/wp-content\/uploads\/2020\/10\/homepage_3-300x126.png 300w, https:\/\/frote.ch\/wp-content\/uploads\/2020\/10\/homepage_3-1024x430.png 1024w, https:\/\/frote.ch\/wp-content\/uploads\/2020\/10\/homepage_3-768x322.png 768w, https:\/\/frote.ch\/wp-content\/uploads\/2020\/10\/homepage_3-1536x644.png 1536w, https:\/\/frote.ch\/wp-content\/uploads\/2020\/10\/homepage_3-2048x859.png 2048w\" sizes=\"auto, (max-width: 3631px) 100vw, 3631px\" \/><\/div>\n\t\t<\/figure>\n\t<\/div>\n<\/div><\/div><\/div><\/div><div class=\"vc_row-full-width vc_clearfix\"><\/div><div data-vc-full-width=\"true\" data-vc-full-width-init=\"false\" class=\"vc_row wpb_row vc_row-fluid trame\"><div class=\"wpb_column vc_column_container vc_col-sm-12\"><div class=\"vc_column-inner\"><div class=\"wpb_wrapper\">\n\t<div class=\"wpb_text_column wpb_content_element\" >\n\t\t<div class=\"wpb_wrapper\">\n\t\t\t<h1 style=\"text-align: center;\">Eine gro\u00dfz\u00fcgige Natur<\/h1>\n<p style=\"text-align: center;\"><em>Der Duft der Kiefern, eine Eidechse, die an der Sonne W\u00e4rme tankt, \ndas dramatische Violett der wilden Schwertlilien...<br \/>\n<\/em><em>le violet imp\u00e9tueux qu\u2019offrent en spectacle les iris sauvages&#8230;<\/em><\/p>\n\n\t\t<\/div>\n\t<\/div>\n\n\t<div class=\"gg-special-button-wrapper  special-button-align-left special-button-style-btn-primary\"><a class=\"btn btn-primary\" href=\"\/de\/la-garide\/#garide\" title=\"La Garide\" target=\"_self\">La Garide<\/a><\/div><\/div><\/div><\/div><\/div><div class=\"vc_row-full-width vc_clearfix\"><\/div><div data-vc-full-width=\"true\" data-vc-full-width-init=\"false\" class=\"vc_row wpb_row vc_row-fluid col-opposition\"><div class=\"wpb_column vc_column_container vc_col-sm-6\"><div class=\"vc_column-inner\"><div class=\"wpb_wrapper\">\n\t<div class=\"wpb_text_column wpb_content_element\" >\n\t\t<div class=\"wpb_wrapper\">\n\t\t\t<h1 class=\"translation-block\">Besuche und<br>Degustationen<\/h1>\n<p>Einen Wein entdecken hei\u00dft ein Terroir und die Geschichte einer einzigartigen Landschaft kennenlernen.<\/p>\n\n\t\t<\/div>\n\t<\/div>\n\n\t<div class=\"gg-special-button-wrapper  special-button-align-left special-button-style-btn-primary\"><a class=\"btn btn-primary\" href=\"\/de\/degustations\/#degustations\" title=\"Degustationen\" target=\"_self\">Degustationen<\/a><\/div>\n\t<div  class=\"wpb_single_image wpb_content_element vc_align_center\">\n\t\t\n\t\t<figure class=\"wpb_wrapper vc_figure\">\n\t\t\t<div class=\"vc_single_image-wrapper   vc_box_border_grey\"><img loading=\"lazy\" decoding=\"async\" width=\"822\" height=\"1024\" src=\"https:\/\/frote.ch\/wp-content\/uploads\/2020\/10\/homepage_4-822x1024.png\" class=\"vc_single_image-img attachment-large\" alt=\"\" srcset=\"https:\/\/frote.ch\/wp-content\/uploads\/2020\/10\/homepage_4-822x1024.png 822w, https:\/\/frote.ch\/wp-content\/uploads\/2020\/10\/homepage_4-241x300.png 241w, https:\/\/frote.ch\/wp-content\/uploads\/2020\/10\/homepage_4-768x956.png 768w, https:\/\/frote.ch\/wp-content\/uploads\/2020\/10\/homepage_4.png 1003w\" sizes=\"auto, (max-width: 822px) 100vw, 822px\" \/><\/div>\n\t\t<\/figure>\n\t<\/div>\n<\/div><\/div><\/div><div class=\"wpb_column vc_column_container vc_col-sm-6\"><div class=\"vc_column-inner\"><div class=\"wpb_wrapper\">\n\t<div  class=\"wpb_single_image wpb_content_element vc_align_center\">\n\t\t\n\t\t<figure class=\"wpb_wrapper vc_figure\">\n\t\t\t<div class=\"vc_single_image-wrapper   vc_box_border_grey\"><img loading=\"lazy\" decoding=\"async\" width=\"801\" height=\"1024\" src=\"https:\/\/frote.ch\/wp-content\/uploads\/2020\/10\/homepage_5-801x1024.png\" class=\"vc_single_image-img attachment-large\" alt=\"\" srcset=\"https:\/\/frote.ch\/wp-content\/uploads\/2020\/10\/homepage_5-801x1024.png 801w, https:\/\/frote.ch\/wp-content\/uploads\/2020\/10\/homepage_5-235x300.png 235w, https:\/\/frote.ch\/wp-content\/uploads\/2020\/10\/homepage_5-768x982.png 768w, https:\/\/frote.ch\/wp-content\/uploads\/2020\/10\/homepage_5.png 1003w\" sizes=\"auto, (max-width: 801px) 100vw, 801px\" \/><\/div>\n\t\t<\/figure>\n\t<\/div>\n\n\t<div class=\"wpb_text_column wpb_content_element\" >\n\t\t<div class=\"wpb_wrapper\">\n\t\t\t<h1>\"Der Wein ist die Antwort der Erde auf die Sonne\"<\/h1>\n<p>Margaret Fuller<\/p>\n\n\t\t<\/div>\n\t<\/div>\n\n\t<div class=\"gg-special-button-wrapper  special-button-align-left special-button-style-btn-primary\"><a class=\"btn btn-primary\" href=\"\/de\/degustation\/#galerie\" title=\"Fotogallerie\" target=\"_self\">Fotogallerie<\/a><\/div><\/div><\/div><\/div><\/div><div class=\"vc_row-full-width vc_clearfix\"><\/div><div data-vc-full-width=\"true\" data-vc-full-width-init=\"false\" class=\"vc_row wpb_row vc_row-fluid contact-et-degustations\"><div class=\"wpb_column vc_column_container vc_col-sm-2\"><div class=\"vc_column-inner\"><div class=\"wpb_wrapper\"><\/div><\/div><\/div><div class=\"wpb_column vc_column_container vc_col-sm-3\"><div class=\"vc_column-inner\"><div class=\"wpb_wrapper\">\n\t<div class=\"wpb_text_column wpb_content_element\" >\n\t\t<div class=\"wpb_wrapper\">\n\t\t\t<p style=\"text-align: center;\"><strong>KONTAKT<\/strong><\/p>\n<p style=\"text-align: center;\">Domaine Fr\u00f4t\u00e9 SA<br \/>\nCase Postale 438<br \/>\n2520 La Neuveville<\/p>\n<p style=\"text-align: center;\"><a href=\"tel:0041792985150\">+41 (0)79 298 51 50<\/a><br \/>\n<a href=\"mailto:info@frote.ch\">info@frote.ch<\/a><\/p>\n\n\t\t<\/div>\n\t<\/div>\n<\/div><\/div><\/div><div class=\"wpb_column vc_column_container vc_col-sm-2\"><div class=\"vc_column-inner\"><div class=\"wpb_wrapper\">\n\t<div class=\"wpb_text_column wpb_content_element\" >\n\t\t<div class=\"wpb_wrapper\">\n\t\t\t<p style=\"text-align: center;\"><strong>NEWSLETTER<\/strong><\/p>\n<p style=\"text-align: center;\" class=\"translation-block\"><a href=\"https:\/\/frote.ch\/de\/newsletter\/\" target=\"_self\">Abonnieren Sie sich<\/a>, damit Sie die Informationen unseres Weinguts regelm\u00e4\u00dfig erhalten.<\/p>\n\n\t\t<\/div>\n\t<\/div>\n<\/div><\/div><\/div><div class=\"wpb_column vc_column_container vc_col-sm-3\"><div class=\"vc_column-inner\"><div class=\"wpb_wrapper\">\n\t<div class=\"wpb_text_column wpb_content_element\" >\n\t\t<div class=\"wpb_wrapper\">\n\t\t\t<p style=\"text-align: center;\"><strong>DEGUSTATIONEN<\/strong><\/p>\n<p style=\"text-align: center;\" class=\"translation-block\">Auf Vereinbarung:<br>Auberson &amp; Fils SA<br>\nChemin du Tirage 25<br>\n2520 La Neuveville<\/p>\n<p style=\"text-align: center;\"><a href=\"tel:0041327511830\">+41 (0)32 751 18 30<\/a><br \/>\n<a href=\"mailto:info@auberson-et-fils.ch\">info@auberson-et-fils.ch<\/a><\/p>\n<p style=\"text-align: center;\"><a href=\"https:\/\/www.auberson-et-fils.ch\/degustation\/\">Horaires<\/a><\/p>\n\n\t\t<\/div>\n\t<\/div>\n<\/div><\/div><\/div><div class=\"wpb_column vc_column_container vc_col-sm-2\"><div class=\"vc_column-inner\"><div class=\"wpb_wrapper\"><\/div><\/div><\/div><\/div><div class=\"vc_row-full-width vc_clearfix\"><\/div><div class=\"vc_row wpb_row vc_row-fluid popup-recommandations hidden\"><div class=\"inner wpb_column vc_column_container vc_col-sm-12\"><div class=\"vc_column-inner\"><div class=\"wpb_wrapper\">\n\t<div class=\"wpb_text_column wpb_content_element\" >\n\t\t<div class=\"wpb_wrapper\">\n\t\t\t<h1>Pinot noir<\/h1>\n<h2>SERVIERTEMPERATUR<\/h2>\n<p>Es empfiehlt sich, den Wein mit einer Temperatur von 14 bis 15 Grad zu servieren. Die \u00e4lteren Jahrg\u00e4nge (ab etwa 10 Jahren) m\u00f6gen es etwas w\u00e4rmer (17-18 Grad).<\/p>\n<h2>WANN \u00d6FFNET MAN DIE FLASCHE?<\/h2>\n<p>Idealerweise sollte man die Flaschen eine Stunde vor dem Genuss \u00f6ffnen. Weil das oft schwierig realisierbar ist, kann man den Wein stattdessen dekantieren. Unabh\u00e4ngig von der Rebsorte, bekommt es den meisten jungen Jahrg\u00e4ngen gut, in die Karaffe gegossen zu werden. Dank der dadurch gef\u00f6rderten Sauerstoffzufuhr entfalten sich die Aromen und Geschmacksnoten des Weins besser.<\/p>\n<p>Bei einem \u00e4lteren Jahrgang (ab etwa 10 Jahren) wird empfohlen, den Wein nicht zu dekantieren, um die Risiken der Oxidation zu vermeiden. Da solche Weine gerne sanft behandelt werden, m\u00fcssen wir in jeder Beziehung auf ihre Anspr\u00fcche R\u00fccksicht nehmen. Deshalb gen\u00fcgt es, den Korken eine oder zwei Stunden vor dem Servieren zu ziehen, damit sich der Wein in aller Ruhe entfalten kann.<\/p>\n<h2>PRODUKTGARANTIE<\/h2>\n<p>Confiants dans la qualit\u00e9 des produits que nous souhaitons offrir \u00e0 nos client.e.s et partant du principe que nous produisons des vins de garde, nous garantissons nos vins durant 10 ans \u00e0 compter de leur mill\u00e9sime. Ainsi, si vous deviez rencontrer un probl\u00e8me sur une bouteille, nous l&rsquo;\u00e9changeons avec le mill\u00e9sime courant.<\/p>\n<p><a href=\"#fermer\">FENSTER SCHLIESSEN<\/a><\/p>\n\n\t\t<\/div>\n\t<\/div>\n<\/div><\/div><\/div><\/div>","protected":false},"excerpt":{"rendered":"G\u00e9n\u00e9rations de passionn\u00e9s Cette union d\u2019hommes et de femmes est n\u00e9e d'une passion pour le terroir neuvevillois et d'une amiti\u00e9 de plusieurs g\u00e9n\u00e9rations entre les familles Fr\u00f4t\u00e9 et Auberson. Charles Fr\u00f4t\u00e9, avocat mais terrien et \u00e9picurien avant tout, a acquis la premi\u00e8re vigne en 1956. Puis Fran\u00e7ois et Claude Fr\u00f4t\u00e9 ont donn\u00e9 au Domaine sa<p class=\"more-link-wrapper\"><a class=\"read-more special-hover right_horizontal_line_effect\" href=\"https:\/\/frote.ch\/de\/\">Read More<\/a><\/p>","protected":false},"author":1,"featured_media":0,"parent":0,"menu_order":0,"comment_status":"closed","ping_status":"closed","template":"","meta":{"footnotes":""},"class_list":["post-150","page","type-page","status-publish","hentry"],"yoast_head":"<!-- This site is optimized with the Yoast SEO plugin v26.0 - https:\/\/yoast.com\/wordpress\/plugins\/seo\/ -->\n<title>Chardonnay, \u00d4, Pinot Noir, Ros\u00e9 \/ Domaine Fr\u00f4t\u00e9 \/ La Neuveville<\/title>\n<meta name=\"description\" content=\"D\u00e9couvrez nos vins : Chardonnay, \u00d4, Pinot Noir et Ros\u00e9. Des mill\u00e9simes et c\u00e9pages d\u2019exception vieillis en f\u00fbts de ch\u00eane avec l\u2019appellation AOC.\" \/>\n<meta name=\"robots\" content=\"index, follow, max-snippet:-1, max-image-preview:large, max-video-preview:-1\" \/>\n<link rel=\"canonical\" href=\"https:\/\/frote.ch\/de\/\" \/>\n<meta property=\"og:locale\" content=\"de_DE\" \/>\n<meta property=\"og:type\" content=\"article\" \/>\n<meta property=\"og:title\" content=\"Chardonnay, \u00d4, Pinot Noir, Ros\u00e9 \/ Domaine Fr\u00f4t\u00e9 \/ La Neuveville\" \/>\n<meta property=\"og:description\" content=\"D\u00e9couvrez nos vins : Chardonnay, \u00d4, Pinot Noir et Ros\u00e9. Des mill\u00e9simes et c\u00e9pages d\u2019exception vieillis en f\u00fbts de ch\u00eane avec l\u2019appellation AOC.\" \/>\n<meta property=\"og:url\" content=\"https:\/\/frote.ch\/de\/\" \/>\n<meta property=\"og:site_name\" content=\"Domaine Fr\u00f4t\u00e9\" \/>\n<meta property=\"article:modified_time\" content=\"2022-06-08T12:36:25+00:00\" \/>\n<meta name=\"twitter:card\" content=\"summary_large_image\" \/>\n<meta name=\"twitter:label1\" content=\"Gesch\u00e4tzte Lesezeit\" \/>\n\t<meta name=\"twitter:data1\" content=\"5\u00a0Minuten\" \/>\n<script type=\"application\/ld+json\" class=\"yoast-schema-graph\">{\"@context\":\"https:\/\/schema.org\",\"@graph\":[{\"@type\":\"WebPage\",\"@id\":\"https:\/\/frote.ch\/\",\"url\":\"https:\/\/frote.ch\/\",\"name\":\"Chardonnay, \u00d4, Pinot Noir, Ros\u00e9 \/ Domaine Fr\u00f4t\u00e9 \/ La Neuveville\",\"isPartOf\":{\"@id\":\"https:\/\/frote.ch\/#website\"},\"datePublished\":\"2018-08-09T09:50:51+00:00\",\"dateModified\":\"2022-06-08T12:36:25+00:00\",\"description\":\"D\u00e9couvrez nos vins : Chardonnay, \u00d4, Pinot Noir et Ros\u00e9. Des mill\u00e9simes et c\u00e9pages d\u2019exception vieillis en f\u00fbts de ch\u00eane avec l\u2019appellation AOC.\",\"breadcrumb\":{\"@id\":\"https:\/\/frote.ch\/#breadcrumb\"},\"inLanguage\":\"de-CH\",\"potentialAction\":[{\"@type\":\"ReadAction\",\"target\":[\"https:\/\/frote.ch\/\"]}]},{\"@type\":\"BreadcrumbList\",\"@id\":\"https:\/\/frote.ch\/#breadcrumb\",\"itemListElement\":[{\"@type\":\"ListItem\",\"position\":1,\"name\":\"Accueil\",\"item\":\"https:\/\/frote.ch\/\"},{\"@type\":\"ListItem\",\"position\":2,\"name\":\"Accueil\"}]},{\"@type\":\"WebSite\",\"@id\":\"https:\/\/frote.ch\/#website\",\"url\":\"https:\/\/frote.ch\/\",\"name\":\"Domaine Fr\u00f4t\u00e9\",\"description\":\"\",\"publisher\":{\"@id\":\"https:\/\/frote.ch\/#organization\"},\"potentialAction\":[{\"@type\":\"SearchAction\",\"target\":{\"@type\":\"EntryPoint\",\"urlTemplate\":\"https:\/\/frote.ch\/?s={search_term_string}\"},\"query-input\":{\"@type\":\"PropertyValueSpecification\",\"valueRequired\":true,\"valueName\":\"search_term_string\"}}],\"inLanguage\":\"de-CH\"},{\"@type\":\"Organization\",\"@id\":\"https:\/\/frote.ch\/#organization\",\"name\":\"Domaine Fr\u00f4t\u00e9\",\"url\":\"https:\/\/frote.ch\/\",\"logo\":{\"@type\":\"ImageObject\",\"inLanguage\":\"de-CH\",\"@id\":\"https:\/\/frote.ch\/#\/schema\/logo\/image\/\",\"url\":\"https:\/\/frote.ch\/wp-content\/uploads\/2020\/12\/logo_190_211.png\",\"contentUrl\":\"https:\/\/frote.ch\/wp-content\/uploads\/2020\/12\/logo_190_211.png\",\"width\":190,\"height\":211,\"caption\":\"Domaine Fr\u00f4t\u00e9\"},\"image\":{\"@id\":\"https:\/\/frote.ch\/#\/schema\/logo\/image\/\"},\"sameAs\":[\"https:\/\/www.youtube.com\/channel\/UCvOaQ6GZie5jiaea7SM7KWA\"]}]}<\/script>\n<!-- \/ Yoast SEO plugin. -->","yoast_head_json":{"title":"Chardonnay, \u00d4, Pinot Noir, Ros\u00e9 \/ Domaine Fr\u00f4t\u00e9 \/ La Neuveville","description":"D\u00e9couvrez nos vins : Chardonnay, \u00d4, Pinot Noir et Ros\u00e9. Des mill\u00e9simes et c\u00e9pages d\u2019exception vieillis en f\u00fbts de ch\u00eane avec l\u2019appellation AOC.","robots":{"index":"index","follow":"follow","max-snippet":"max-snippet:-1","max-image-preview":"max-image-preview:large","max-video-preview":"max-video-preview:-1"},"canonical":"https:\/\/frote.ch\/de\/","og_locale":"de_DE","og_type":"article","og_title":"Chardonnay, \u00d4, Pinot Noir, Ros\u00e9 \/ Domaine Fr\u00f4t\u00e9 \/ La Neuveville","og_description":"D\u00e9couvrez nos vins : Chardonnay, \u00d4, Pinot Noir et Ros\u00e9. Des mill\u00e9simes et c\u00e9pages d\u2019exception vieillis en f\u00fbts de ch\u00eane avec l\u2019appellation AOC.","og_url":"https:\/\/frote.ch\/de\/","og_site_name":"Domaine Fr\u00f4t\u00e9","article_modified_time":"2022-06-08T12:36:25+00:00","twitter_card":"summary_large_image","twitter_misc":{"Gesch\u00e4tzte Lesezeit":"5\u00a0Minuten"},"schema":{"@context":"https:\/\/schema.org","@graph":[{"@type":"WebPage","@id":"https:\/\/frote.ch\/","url":"https:\/\/frote.ch\/","name":"Chardonnay, \u00d4, Pinot Noir, Ros\u00e9 \/ Domaine Fr\u00f4t\u00e9 \/ La Neuveville","isPartOf":{"@id":"https:\/\/frote.ch\/#website"},"datePublished":"2018-08-09T09:50:51+00:00","dateModified":"2022-06-08T12:36:25+00:00","description":"D\u00e9couvrez nos vins : Chardonnay, \u00d4, Pinot Noir et Ros\u00e9. Des mill\u00e9simes et c\u00e9pages d\u2019exception vieillis en f\u00fbts de ch\u00eane avec l\u2019appellation AOC.","breadcrumb":{"@id":"https:\/\/frote.ch\/#breadcrumb"},"inLanguage":"de-CH","potentialAction":[{"@type":"ReadAction","target":["https:\/\/frote.ch\/"]}]},{"@type":"BreadcrumbList","@id":"https:\/\/frote.ch\/#breadcrumb","itemListElement":[{"@type":"ListItem","position":1,"name":"Accueil","item":"https:\/\/frote.ch\/"},{"@type":"ListItem","position":2,"name":"Accueil"}]},{"@type":"WebSite","@id":"https:\/\/frote.ch\/#website","url":"https:\/\/frote.ch\/","name":"Domaine Fr\u00f4t\u00e9","description":"","publisher":{"@id":"https:\/\/frote.ch\/#organization"},"potentialAction":[{"@type":"SearchAction","target":{"@type":"EntryPoint","urlTemplate":"https:\/\/frote.ch\/?s={search_term_string}"},"query-input":{"@type":"PropertyValueSpecification","valueRequired":true,"valueName":"search_term_string"}}],"inLanguage":"de-CH"},{"@type":"Organization","@id":"https:\/\/frote.ch\/#organization","name":"Domaine Fr\u00f4t\u00e9","url":"https:\/\/frote.ch\/","logo":{"@type":"ImageObject","inLanguage":"de-CH","@id":"https:\/\/frote.ch\/#\/schema\/logo\/image\/","url":"https:\/\/frote.ch\/wp-content\/uploads\/2020\/12\/logo_190_211.png","contentUrl":"https:\/\/frote.ch\/wp-content\/uploads\/2020\/12\/logo_190_211.png","width":190,"height":211,"caption":"Domaine Fr\u00f4t\u00e9"},"image":{"@id":"https:\/\/frote.ch\/#\/schema\/logo\/image\/"},"sameAs":["https:\/\/www.youtube.com\/channel\/UCvOaQ6GZie5jiaea7SM7KWA"]}]}},"_links":{"self":[{"href":"https:\/\/frote.ch\/de\/wp-json\/wp\/v2\/pages\/150","targetHints":{"allow":["GET"]}}],"collection":[{"href":"https:\/\/frote.ch\/de\/wp-json\/wp\/v2\/pages"}],"about":[{"href":"https:\/\/frote.ch\/de\/wp-json\/wp\/v2\/types\/page"}],"author":[{"embeddable":true,"href":"https:\/\/frote.ch\/de\/wp-json\/wp\/v2\/users\/1"}],"replies":[{"embeddable":true,"href":"https:\/\/frote.ch\/de\/wp-json\/wp\/v2\/comments?post=150"}],"version-history":[{"count":58,"href":"https:\/\/frote.ch\/de\/wp-json\/wp\/v2\/pages\/150\/revisions"}],"predecessor-version":[{"id":4844,"href":"https:\/\/frote.ch\/de\/wp-json\/wp\/v2\/pages\/150\/revisions\/4844"}],"wp:attachment":[{"href":"https:\/\/frote.ch\/de\/wp-json\/wp\/v2\/media?parent=150"}],"curies":[{"name":"wp","href":"https:\/\/api.w.org\/{rel}","templated":true}]}}