{"id":3392,"date":"2020-09-29T11:17:48","date_gmt":"2020-09-29T09:17:48","guid":{"rendered":"https:\/\/frote-staging.arcantel.ch\/?page_id=3392"},"modified":"2022-06-08T14:31:28","modified_gmt":"2022-06-08T12:31:28","slug":"degustations","status":"publish","type":"page","link":"https:\/\/frote.ch\/de\/degustations\/","title":{"rendered":"Degustationen"},"content":{"rendered":"<div data-vc-full-width=\"true\" data-vc-full-width-init=\"false\" data-vc-stretch-content=\"true\" class=\"vc_row wpb_row vc_row-fluid mb-0 vc_row-no-padding\"><div class=\"wpb_column vc_column_container vc_col-sm-12\"><div class=\"vc_column-inner\"><div class=\"wpb_wrapper\">\n\t<div class=\"wpb_raw_code wpb_content_element wpb_raw_html\" >\n\t\t<div class=\"wpb_wrapper\">\n\t\t\t<a name=\"degustations\"><\/a>\n\t\t<\/div>\n\t<\/div>\n\n\t<div  class=\"wpb_single_image wpb_content_element vc_align_center   mb-0\">\n\t\t\n\t\t<figure class=\"wpb_wrapper vc_figure\">\n\t\t\t<div class=\"vc_single_image-wrapper   vc_box_border_grey\"><img loading=\"lazy\" decoding=\"async\" width=\"3635\" height=\"1726\" src=\"https:\/\/frote.ch\/wp-content\/uploads\/2020\/09\/degustation_1.png\" class=\"vc_single_image-img attachment-full\" alt=\"\" srcset=\"https:\/\/frote.ch\/wp-content\/uploads\/2020\/09\/degustation_1.png 3635w, https:\/\/frote.ch\/wp-content\/uploads\/2020\/09\/degustation_1-300x142.png 300w, https:\/\/frote.ch\/wp-content\/uploads\/2020\/09\/degustation_1-1024x486.png 1024w, https:\/\/frote.ch\/wp-content\/uploads\/2020\/09\/degustation_1-768x365.png 768w, https:\/\/frote.ch\/wp-content\/uploads\/2020\/09\/degustation_1-1536x729.png 1536w, https:\/\/frote.ch\/wp-content\/uploads\/2020\/09\/degustation_1-2048x972.png 2048w\" sizes=\"auto, (max-width: 3635px) 100vw, 3635px\" \/><\/div>\n\t\t<\/figure>\n\t<\/div>\n<\/div><\/div><\/div><\/div><div class=\"vc_row-full-width vc_clearfix\"><\/div><div data-vc-full-width=\"true\" data-vc-full-width-init=\"false\" class=\"vc_row wpb_row vc_row-fluid mb-0 trame\"><div class=\"wpb_column vc_column_container vc_col-sm-12\"><div class=\"vc_column-inner\"><div class=\"wpb_wrapper\">\n\t<div class=\"wpb_text_column wpb_content_element\" >\n\t\t<div class=\"wpb_wrapper\">\n\t\t\t<h1 style=\"text-align: center;\" class=\"translation-block\">Besuche und<br>Degustationen<\/h1>\n<p style=\"text-align: center;\"><em>Degustationen\nEinen Wein entdecken hei\u00dft ein Terroir und die Geschichte einer einzigartigen Landschaft kennenlernen.<\/em><\/p>\n\n\t\t<\/div>\n\t<\/div>\n<\/div><\/div><\/div><\/div><div class=\"vc_row-full-width vc_clearfix\"><\/div><div data-vc-full-width=\"true\" data-vc-full-width-init=\"false\" class=\"vc_row wpb_row vc_row-fluid pt-5 mb-0 vc_custom_1601371266451 vc_row-has-fill\"><div class=\"wpb_column vc_column_container vc_col-sm-6\"><div class=\"vc_column-inner\"><div class=\"wpb_wrapper\">\n\t<div class=\"wpb_text_column wpb_content_element\" >\n\t\t<div class=\"wpb_wrapper\">\n\t\t\t<p style=\"text-align: center;\">Wir \u00f6ffnen die T\u00fcren unseres Kellers in der Tour Carr\u00e9e einmal im Jahr Mitte November bei den gemeinsam mit unseren Partnerwinzern organisierten Verkostungen. Diese Veranstaltung ist auf Anfrage und auf Einladung zug\u00e4nglich.<\/p>\n<p style=\"text-align: center;\">Parallel dazu ist unser Keller nach Vereinbarung f\u00fcr Gruppen von Weinliebhabern ge\u00f6ffnet, die unsere Erzeugnisse kennenlernen m\u00f6chten.<\/p>\n<p>&nbsp;<\/p>\n<p style=\"text-align: center;\">+41 (0)79 298 51 50<\/p>\n<p style=\"text-align: center;\">Domaine Fr\u00f4t\u00e9 SA<br \/>\n2520 La Neuveville<br \/>\ninfo@frote.ch<\/p>\n\n\t\t<\/div>\n\t<\/div>\n\n\t<div  class=\"wpb_single_image wpb_content_element vc_align_center\">\n\t\t\n\t\t<figure class=\"wpb_wrapper vc_figure\">\n\t\t\t<div class=\"vc_single_image-wrapper   vc_box_border_grey\"><img loading=\"lazy\" decoding=\"async\" width=\"984\" height=\"1024\" src=\"https:\/\/frote.ch\/wp-content\/uploads\/2020\/09\/degustation_2-984x1024.png\" class=\"vc_single_image-img attachment-large\" alt=\"\" srcset=\"https:\/\/frote.ch\/wp-content\/uploads\/2020\/09\/degustation_2-984x1024.png 984w, https:\/\/frote.ch\/wp-content\/uploads\/2020\/09\/degustation_2-288x300.png 288w, https:\/\/frote.ch\/wp-content\/uploads\/2020\/09\/degustation_2-768x799.png 768w, https:\/\/frote.ch\/wp-content\/uploads\/2020\/09\/degustation_2.png 1003w\" sizes=\"auto, (max-width: 984px) 100vw, 984px\" \/><\/div>\n\t\t<\/figure>\n\t<\/div>\n<\/div><\/div><\/div><div class=\"wpb_column vc_column_container vc_col-sm-6\"><div class=\"vc_column-inner\"><div class=\"wpb_wrapper\">\n\t<div  class=\"wpb_single_image wpb_content_element vc_align_center\">\n\t\t\n\t\t<figure class=\"wpb_wrapper vc_figure\">\n\t\t\t<div class=\"vc_single_image-wrapper   vc_box_border_grey\"><img loading=\"lazy\" decoding=\"async\" width=\"814\" height=\"1024\" src=\"https:\/\/frote.ch\/wp-content\/uploads\/2020\/09\/degustation_3-814x1024.png\" class=\"vc_single_image-img attachment-large\" alt=\"\" srcset=\"https:\/\/frote.ch\/wp-content\/uploads\/2020\/09\/degustation_3-814x1024.png 814w, https:\/\/frote.ch\/wp-content\/uploads\/2020\/09\/degustation_3-238x300.png 238w, https:\/\/frote.ch\/wp-content\/uploads\/2020\/09\/degustation_3-768x966.png 768w, https:\/\/frote.ch\/wp-content\/uploads\/2020\/09\/degustation_3.png 1003w\" sizes=\"auto, (max-width: 814px) 100vw, 814px\" \/><\/div>\n\t\t<\/figure>\n\t<\/div>\n\n\t<div class=\"wpb_text_column wpb_content_element\" >\n\t\t<div class=\"wpb_wrapper\">\n\t\t\t<p style=\"text-align: center;\">Sie sind das ganze Jahr \u00fcber herzlich eingeladen, unsere Weine nach Vereinbarung bei unserem Winzer und Kellermeister Claude Auberson zu verkosten.<\/p>\n<p>&nbsp;<\/p>\n<p style=\"text-align: center;\">Auberson &amp; Fils SA<br \/>\nChemin du Tirage 25<br \/>\n2520 La Neuveville<\/p>\n<p style=\"text-align: center;\">+41 (0)32 751 18 30<br \/>\ninfo@auberson-et-fils.ch<\/p>\n<p style=\"text-align: center;\"><a href=\"https:\/\/www.auberson-et-fils.ch\/degustation\/\">Horaires<\/a><\/p>\n\n\t\t<\/div>\n\t<\/div>\n<\/div><\/div><\/div><\/div><div class=\"vc_row-full-width vc_clearfix\"><\/div><div data-vc-full-width=\"true\" data-vc-full-width-init=\"false\" data-vc-stretch-content=\"true\" class=\"vc_row wpb_row vc_row-fluid mb-0 vc_row-no-padding\"><div class=\"wpb_column vc_column_container vc_col-sm-12\"><div class=\"vc_column-inner\"><div class=\"wpb_wrapper\">\n\t<div  class=\"wpb_single_image wpb_content_element vc_align_center   mb-0\">\n\t\t\n\t\t<figure class=\"wpb_wrapper vc_figure\">\n\t\t\t<div class=\"vc_single_image-wrapper   vc_box_border_grey\"><img loading=\"lazy\" decoding=\"async\" width=\"3635\" height=\"1621\" src=\"https:\/\/frote.ch\/wp-content\/uploads\/2020\/09\/degustation_4.png\" class=\"vc_single_image-img attachment-full\" alt=\"\" srcset=\"https:\/\/frote.ch\/wp-content\/uploads\/2020\/09\/degustation_4.png 3635w, https:\/\/frote.ch\/wp-content\/uploads\/2020\/09\/degustation_4-300x134.png 300w, https:\/\/frote.ch\/wp-content\/uploads\/2020\/09\/degustation_4-1024x457.png 1024w, https:\/\/frote.ch\/wp-content\/uploads\/2020\/09\/degustation_4-768x342.png 768w, https:\/\/frote.ch\/wp-content\/uploads\/2020\/09\/degustation_4-1536x685.png 1536w, https:\/\/frote.ch\/wp-content\/uploads\/2020\/09\/degustation_4-2048x913.png 2048w\" sizes=\"auto, (max-width: 3635px) 100vw, 3635px\" \/><\/div>\n\t\t<\/figure>\n\t<\/div>\n<\/div><\/div><\/div><\/div><div class=\"vc_row-full-width vc_clearfix\"><\/div><div data-vc-full-width=\"true\" data-vc-full-width-init=\"false\" class=\"vc_row wpb_row vc_row-fluid trame mb-0\"><div class=\"wpb_column vc_column_container vc_col-sm-12\"><div class=\"vc_column-inner\"><div class=\"wpb_wrapper\">\n\t<div class=\"wpb_raw_code wpb_content_element wpb_raw_html\" >\n\t\t<div class=\"wpb_wrapper\">\n\t\t\t<a name=\"galerie\"><\/a>\n\t\t<\/div>\n\t<\/div>\n<div class=\"vc_empty_space\"   style=\"height: 32px\"><span class=\"vc_empty_space_inner\"><\/span><\/div>\n\t<div class=\"wpb_text_column wpb_content_element\" >\n\t\t<div class=\"wpb_wrapper\">\n\t\t\t<p style=\"text-align: center;\"><em>Unsere Rebberge profitieren von einer ideale Lage mit \u00fcppiger Sonneneinstrahlung, die im Norden von den Felsen des Chasseral und im S\u00fcden durch die Spiegelung im See reflektiert wird.<\/em><\/p>\n\n\t\t<\/div>\n\t<\/div>\n<\/div><\/div><\/div><\/div><div class=\"vc_row-full-width vc_clearfix\"><\/div><div class=\"vc_row wpb_row vc_row-fluid mb-0 pt-5\"><div class=\"wpb_column vc_column_container vc_col-sm-4\"><div class=\"vc_column-inner\"><div class=\"wpb_wrapper\"><div class=\"vc_row wpb_row vc_inner vc_row-fluid\"><div class=\"wpb_column vc_column_container vc_col-sm-12\"><div class=\"vc_column-inner\"><div class=\"wpb_wrapper\">\n\t<div  class=\"wpb_single_image wpb_content_element vc_align_center\">\n\t\t\n\t\t<figure class=\"wpb_wrapper vc_figure\">\n\t\t\t<div class=\"vc_single_image-wrapper   vc_box_border_grey\"><img loading=\"lazy\" decoding=\"async\" width=\"1024\" height=\"686\" src=\"https:\/\/frote.ch\/wp-content\/uploads\/2020\/09\/gallerie_1-1024x686.png\" class=\"vc_single_image-img attachment-large\" alt=\"\" srcset=\"https:\/\/frote.ch\/wp-content\/uploads\/2020\/09\/gallerie_1-1024x686.png 1024w, https:\/\/frote.ch\/wp-content\/uploads\/2020\/09\/gallerie_1-300x201.png 300w, https:\/\/frote.ch\/wp-content\/uploads\/2020\/09\/gallerie_1-768x515.png 768w, https:\/\/frote.ch\/wp-content\/uploads\/2020\/09\/gallerie_1.png 1167w\" sizes=\"auto, (max-width: 1024px) 100vw, 1024px\" \/><\/div>\n\t\t<\/figure>\n\t<\/div>\n\n\t<div  class=\"wpb_single_image wpb_content_element vc_align_center\">\n\t\t\n\t\t<figure class=\"wpb_wrapper vc_figure\">\n\t\t\t<div class=\"vc_single_image-wrapper   vc_box_border_grey\"><img loading=\"lazy\" decoding=\"async\" width=\"590\" height=\"1024\" src=\"https:\/\/frote.ch\/wp-content\/uploads\/2020\/09\/gallerie_2-590x1024.png\" class=\"vc_single_image-img attachment-large\" alt=\"\" srcset=\"https:\/\/frote.ch\/wp-content\/uploads\/2020\/09\/gallerie_2-590x1024.png 590w, https:\/\/frote.ch\/wp-content\/uploads\/2020\/09\/gallerie_2-173x300.png 173w, https:\/\/frote.ch\/wp-content\/uploads\/2020\/09\/gallerie_2-768x1334.png 768w, https:\/\/frote.ch\/wp-content\/uploads\/2020\/09\/gallerie_2-884x1536.png 884w, https:\/\/frote.ch\/wp-content\/uploads\/2020\/09\/gallerie_2.png 1167w\" sizes=\"auto, (max-width: 590px) 100vw, 590px\" \/><\/div>\n\t\t<\/figure>\n\t<\/div>\n\n\t<div  class=\"wpb_single_image wpb_content_element vc_align_center\">\n\t\t\n\t\t<figure class=\"wpb_wrapper vc_figure\">\n\t\t\t<div class=\"vc_single_image-wrapper   vc_box_border_grey\"><img loading=\"lazy\" decoding=\"async\" width=\"1024\" height=\"627\" src=\"https:\/\/frote.ch\/wp-content\/uploads\/2020\/09\/gallerie_3-1024x627.png\" class=\"vc_single_image-img attachment-large\" alt=\"\" srcset=\"https:\/\/frote.ch\/wp-content\/uploads\/2020\/09\/gallerie_3-1024x627.png 1024w, https:\/\/frote.ch\/wp-content\/uploads\/2020\/09\/gallerie_3-300x184.png 300w, https:\/\/frote.ch\/wp-content\/uploads\/2020\/09\/gallerie_3-768x470.png 768w, https:\/\/frote.ch\/wp-content\/uploads\/2020\/09\/gallerie_3.png 1167w\" sizes=\"auto, (max-width: 1024px) 100vw, 1024px\" \/><\/div>\n\t\t<\/figure>\n\t<\/div>\n<\/div><\/div><\/div><\/div><\/div><\/div><\/div><div class=\"wpb_column vc_column_container vc_col-sm-4\"><div class=\"vc_column-inner\"><div class=\"wpb_wrapper\">\n\t<div  class=\"wpb_single_image wpb_content_element vc_align_center\">\n\t\t\n\t\t<figure class=\"wpb_wrapper vc_figure\">\n\t\t\t<div class=\"vc_single_image-wrapper   vc_box_border_grey\"><img loading=\"lazy\" decoding=\"async\" width=\"687\" height=\"1024\" src=\"https:\/\/frote.ch\/wp-content\/uploads\/2020\/09\/gallerie_4-687x1024.png\" class=\"vc_single_image-img attachment-large\" alt=\"\" srcset=\"https:\/\/frote.ch\/wp-content\/uploads\/2020\/09\/gallerie_4-687x1024.png 687w, https:\/\/frote.ch\/wp-content\/uploads\/2020\/09\/gallerie_4-201x300.png 201w, https:\/\/frote.ch\/wp-content\/uploads\/2020\/09\/gallerie_4-768x1145.png 768w, https:\/\/frote.ch\/wp-content\/uploads\/2020\/09\/gallerie_4-1030x1536.png 1030w, https:\/\/frote.ch\/wp-content\/uploads\/2020\/09\/gallerie_4.png 1167w\" sizes=\"auto, (max-width: 687px) 100vw, 687px\" \/><\/div>\n\t\t<\/figure>\n\t<\/div>\n\n\t<div  class=\"wpb_single_image wpb_content_element vc_align_center\">\n\t\t\n\t\t<figure class=\"wpb_wrapper vc_figure\">\n\t\t\t<div class=\"vc_single_image-wrapper   vc_box_border_grey\"><img loading=\"lazy\" decoding=\"async\" width=\"1024\" height=\"796\" src=\"https:\/\/frote.ch\/wp-content\/uploads\/2020\/09\/gallerie_5-1024x796.png\" class=\"vc_single_image-img attachment-large\" alt=\"\" srcset=\"https:\/\/frote.ch\/wp-content\/uploads\/2020\/09\/gallerie_5-1024x796.png 1024w, https:\/\/frote.ch\/wp-content\/uploads\/2020\/09\/gallerie_5-300x233.png 300w, https:\/\/frote.ch\/wp-content\/uploads\/2020\/09\/gallerie_5-768x597.png 768w, https:\/\/frote.ch\/wp-content\/uploads\/2020\/09\/gallerie_5.png 1167w\" sizes=\"auto, (max-width: 1024px) 100vw, 1024px\" \/><\/div>\n\t\t<\/figure>\n\t<\/div>\n\n\t<div  class=\"wpb_single_image wpb_content_element vc_align_center\">\n\t\t\n\t\t<figure class=\"wpb_wrapper vc_figure\">\n\t\t\t<div class=\"vc_single_image-wrapper   vc_box_border_grey\"><img loading=\"lazy\" decoding=\"async\" width=\"1024\" height=\"760\" src=\"https:\/\/frote.ch\/wp-content\/uploads\/2020\/09\/gallerie_6-1024x760.png\" class=\"vc_single_image-img attachment-large\" alt=\"\" srcset=\"https:\/\/frote.ch\/wp-content\/uploads\/2020\/09\/gallerie_6-1024x760.png 1024w, https:\/\/frote.ch\/wp-content\/uploads\/2020\/09\/gallerie_6-300x223.png 300w, https:\/\/frote.ch\/wp-content\/uploads\/2020\/09\/gallerie_6-768x570.png 768w, https:\/\/frote.ch\/wp-content\/uploads\/2020\/09\/gallerie_6.png 1167w\" sizes=\"auto, (max-width: 1024px) 100vw, 1024px\" \/><\/div>\n\t\t<\/figure>\n\t<\/div>\n<\/div><\/div><\/div><div class=\"wpb_column vc_column_container vc_col-sm-4\"><div class=\"vc_column-inner\"><div class=\"wpb_wrapper\">\n\t<div  class=\"wpb_single_image wpb_content_element vc_align_center\">\n\t\t\n\t\t<figure class=\"wpb_wrapper vc_figure\">\n\t\t\t<div class=\"vc_single_image-wrapper   vc_box_border_grey\"><img loading=\"lazy\" decoding=\"async\" width=\"686\" height=\"1024\" src=\"https:\/\/frote.ch\/wp-content\/uploads\/2020\/09\/gallerie_7-686x1024.png\" class=\"vc_single_image-img attachment-large\" alt=\"\" srcset=\"https:\/\/frote.ch\/wp-content\/uploads\/2020\/09\/gallerie_7-686x1024.png 686w, https:\/\/frote.ch\/wp-content\/uploads\/2020\/09\/gallerie_7-201x300.png 201w, https:\/\/frote.ch\/wp-content\/uploads\/2020\/09\/gallerie_7-768x1147.png 768w, https:\/\/frote.ch\/wp-content\/uploads\/2020\/09\/gallerie_7-1028x1536.png 1028w, https:\/\/frote.ch\/wp-content\/uploads\/2020\/09\/gallerie_7.png 1167w\" sizes=\"auto, (max-width: 686px) 100vw, 686px\" \/><\/div>\n\t\t<\/figure>\n\t<\/div>\n\n\t<div  class=\"wpb_single_image wpb_content_element vc_align_center\">\n\t\t\n\t\t<figure class=\"wpb_wrapper vc_figure\">\n\t\t\t<div class=\"vc_single_image-wrapper   vc_box_border_grey\"><img loading=\"lazy\" decoding=\"async\" width=\"1021\" height=\"1024\" src=\"https:\/\/frote.ch\/wp-content\/uploads\/2020\/09\/gallerie_8-1021x1024.png\" class=\"vc_single_image-img attachment-large\" alt=\"\" srcset=\"https:\/\/frote.ch\/wp-content\/uploads\/2020\/09\/gallerie_8-1021x1024.png 1021w, https:\/\/frote.ch\/wp-content\/uploads\/2020\/09\/gallerie_8-300x300.png 300w, https:\/\/frote.ch\/wp-content\/uploads\/2020\/09\/gallerie_8-150x150.png 150w, https:\/\/frote.ch\/wp-content\/uploads\/2020\/09\/gallerie_8-768x771.png 768w, https:\/\/frote.ch\/wp-content\/uploads\/2020\/09\/gallerie_8-100x100.png 100w, https:\/\/frote.ch\/wp-content\/uploads\/2020\/09\/gallerie_8.png 1167w\" sizes=\"auto, (max-width: 1021px) 100vw, 1021px\" \/><\/div>\n\t\t<\/figure>\n\t<\/div>\n\n\t<div  class=\"wpb_single_image wpb_content_element vc_align_center\">\n\t\t\n\t\t<figure class=\"wpb_wrapper vc_figure\">\n\t\t\t<div class=\"vc_single_image-wrapper   vc_box_border_grey\"><img loading=\"lazy\" decoding=\"async\" width=\"1024\" height=\"535\" src=\"https:\/\/frote.ch\/wp-content\/uploads\/2020\/09\/gallerie_9-1024x535.png\" class=\"vc_single_image-img attachment-large\" alt=\"\" srcset=\"https:\/\/frote.ch\/wp-content\/uploads\/2020\/09\/gallerie_9-1024x535.png 1024w, https:\/\/frote.ch\/wp-content\/uploads\/2020\/09\/gallerie_9-300x157.png 300w, https:\/\/frote.ch\/wp-content\/uploads\/2020\/09\/gallerie_9-768x401.png 768w, https:\/\/frote.ch\/wp-content\/uploads\/2020\/09\/gallerie_9.png 1167w\" sizes=\"auto, (max-width: 1024px) 100vw, 1024px\" \/><\/div>\n\t\t<\/figure>\n\t<\/div>\n<\/div><\/div><\/div><\/div><div data-vc-full-width=\"true\" data-vc-full-width-init=\"false\" class=\"vc_row wpb_row vc_row-fluid navigation\"><div class=\"wpb_column vc_column_container vc_col-sm-12\"><div class=\"vc_column-inner\"><div class=\"wpb_wrapper\"><div class=\"vc_separator wpb_content_element vc_separator_align_center vc_sep_width_100 vc_sep_pos_align_center vc_separator_no_text vc_sep_color_grey\" ><span class=\"vc_sep_holder vc_sep_holder_l\"><span  class=\"vc_sep_line\"><\/span><\/span><span class=\"vc_sep_holder vc_sep_holder_r\"><span  class=\"vc_sep_line\"><\/span><\/span>\n<\/div><div class=\"vc_row wpb_row vc_inner vc_row-fluid\"><div class=\"vc_col-xs-4 wpb_column vc_column_container vc_col-sm-4\"><div class=\"vc_column-inner\"><div class=\"wpb_wrapper\">\n\t<div class=\"gg-special-button-wrapper  special-button-align-left special-button-style-btn-secondary\"><a class=\"btn btn-secondary\" href=\"https:\/\/frote.ch\/de\/la-garide\/\" title=\"La Garide\" target=\"_self\">La Garide<\/a><\/div><\/div><\/div><\/div><div class=\"vc_col-xs-4 wpb_column vc_column_container vc_col-sm-4\"><div class=\"vc_column-inner\"><div class=\"wpb_wrapper\">\n\t<div class=\"gg-special-button-wrapper  special-button-align-left special-button-style-btn-secondary\"><a class=\"btn btn-secondary\" href=\"https:\/\/frote.ch\/de\/nos-vins\/\" title=\"Unsere Weine\" target=\"_self\">Unsere Weine<\/a><\/div><\/div><\/div><\/div><div class=\"vc_col-xs-4 wpb_column vc_column_container vc_col-sm-4\"><div class=\"vc_column-inner\"><div class=\"wpb_wrapper\">\n\t<div class=\"gg-special-button-wrapper  special-button-align-left special-button-style-btn-secondary\"><a class=\"btn btn-secondary\" href=\"https:\/\/frote.ch\/de\/le-domaine\/\" title=\"Das Gut\" target=\"_self\">Das Gut<\/a><\/div><\/div><\/div><\/div><\/div><\/div><\/div><\/div><\/div><div class=\"vc_row-full-width vc_clearfix\"><\/div><div data-vc-full-width=\"true\" data-vc-full-width-init=\"false\" class=\"vc_row wpb_row vc_row-fluid contact-et-degustations\"><div class=\"wpb_column vc_column_container vc_col-sm-2\"><div class=\"vc_column-inner\"><div class=\"wpb_wrapper\"><\/div><\/div><\/div><div class=\"wpb_column vc_column_container vc_col-sm-3\"><div class=\"vc_column-inner\"><div class=\"wpb_wrapper\">\n\t<div class=\"wpb_text_column wpb_content_element\" >\n\t\t<div class=\"wpb_wrapper\">\n\t\t\t<p style=\"text-align: center;\"><strong>KONTAKT<\/strong><\/p>\n<p style=\"text-align: center;\">Domaine Fr\u00f4t\u00e9 SA<br \/>\nCase Postale 438<br \/>\n2520 La Neuveville<\/p>\n<p style=\"text-align: center;\"><a href=\"tel:0041792985150\">+41 (0)79 298 51 50<\/a><br \/>\n<a href=\"mailto:info@frote.ch\">info@frote.ch<\/a><\/p>\n\n\t\t<\/div>\n\t<\/div>\n<\/div><\/div><\/div><div class=\"wpb_column vc_column_container vc_col-sm-2\"><div class=\"vc_column-inner\"><div class=\"wpb_wrapper\">\n\t<div class=\"wpb_text_column wpb_content_element\" >\n\t\t<div class=\"wpb_wrapper\">\n\t\t\t<p style=\"text-align: center;\"><strong>NEWSLETTER<\/strong><\/p>\n<p style=\"text-align: center;\" class=\"translation-block\"><a href=\"https:\/\/frote.ch\/de\/newsletter\/\" target=\"_self\">Abonnieren Sie sich<\/a>, damit Sie die Informationen unseres Weinguts regelm\u00e4\u00dfig erhalten.<\/p>\n\n\t\t<\/div>\n\t<\/div>\n<\/div><\/div><\/div><div class=\"wpb_column vc_column_container vc_col-sm-3\"><div class=\"vc_column-inner\"><div class=\"wpb_wrapper\">\n\t<div class=\"wpb_text_column wpb_content_element\" >\n\t\t<div class=\"wpb_wrapper\">\n\t\t\t<p style=\"text-align: center;\"><strong>DEGUSTATIONEN<\/strong><\/p>\n<p style=\"text-align: center;\" class=\"translation-block\">Auf Vereinbarung:<br>Auberson &amp; Fils SA<br>\nChemin du Tirage 25<br>\n2520 La Neuveville<\/p>\n<p style=\"text-align: center;\"><a href=\"https:\/\/www.auberson-et-fils.ch\/degustation\/\">Horaires<\/a><\/p>\n<p style=\"text-align: center;\"><a href=\"tel:0041327511830\">+41 (0)32 751 18 30<\/a><br \/>\n<a href=\"mailto:info@auberson-et-fils.ch\">info@auberson-et-fils.ch<\/a><\/p>\n\n\t\t<\/div>\n\t<\/div>\n<\/div><\/div><\/div><div class=\"wpb_column vc_column_container vc_col-sm-2\"><div class=\"vc_column-inner\"><div class=\"wpb_wrapper\"><\/div><\/div><\/div><\/div><div class=\"vc_row-full-width vc_clearfix\"><\/div>","protected":false},"excerpt":{"rendered":"Visites et d\u00e9gustations D\u00e9guster un vin, c\u2019est aller \u00e0 la rencontre d\u2019un terroir. C\u2019est d\u00e9couvrir l\u2019histoire d\u2019une terre singuli\u00e8re. Nous ouvrons nos portes une fois l\u2019an, \u00e0 l\u2019occasion des d\u00e9gustations de la Tour Carr\u00e9e, organis\u00e9es conjointement avec nos partenaires vignerons. Cet \u00e9v\u00e9nement de la mi-novembre est accessible sur demande et sur invitation. En parall\u00e8le, notre<p class=\"more-link-wrapper\"><a class=\"read-more special-hover right_horizontal_line_effect\" href=\"https:\/\/frote.ch\/de\/degustations\/\">Read More<\/a><\/p>","protected":false},"author":1,"featured_media":0,"parent":0,"menu_order":0,"comment_status":"closed","ping_status":"closed","template":"","meta":{"footnotes":""},"class_list":["post-3392","page","type-page","status-publish","hentry"],"yoast_head":"<!-- This site is optimized with the Yoast SEO plugin v26.0 - https:\/\/yoast.com\/wordpress\/plugins\/seo\/ -->\n<title>D\u00e9gustation \/ nous contacter \/ Domaine Fr\u00f4t\u00e9<\/title>\n<meta name=\"description\" content=\"D\u00e9gustez nos vins \u00e0 la cave de la Tour Carr\u00e9e ou chez nos partenaires vignerons Alain Gerber &amp; Claude Auberson.\" \/>\n<meta name=\"robots\" content=\"index, follow, max-snippet:-1, max-image-preview:large, max-video-preview:-1\" \/>\n<link rel=\"canonical\" href=\"https:\/\/frote.ch\/de\/degustations\/\" \/>\n<meta property=\"og:locale\" content=\"de_DE\" \/>\n<meta property=\"og:type\" content=\"article\" \/>\n<meta property=\"og:title\" content=\"D\u00e9gustation \/ nous contacter \/ Domaine Fr\u00f4t\u00e9\" \/>\n<meta property=\"og:description\" content=\"D\u00e9gustez nos vins \u00e0 la cave de la Tour Carr\u00e9e ou chez nos partenaires vignerons Alain Gerber &amp; Claude Auberson.\" \/>\n<meta property=\"og:url\" content=\"https:\/\/frote.ch\/de\/degustations\/\" \/>\n<meta property=\"og:site_name\" content=\"Domaine Fr\u00f4t\u00e9\" \/>\n<meta property=\"article:modified_time\" content=\"2022-06-08T12:31:28+00:00\" \/>\n<meta name=\"twitter:card\" content=\"summary_large_image\" \/>\n<meta name=\"twitter:label1\" content=\"Gesch\u00e4tzte Lesezeit\" \/>\n\t<meta name=\"twitter:data1\" content=\"3\u00a0Minuten\" \/>\n<script type=\"application\/ld+json\" class=\"yoast-schema-graph\">{\"@context\":\"https:\/\/schema.org\",\"@graph\":[{\"@type\":\"WebPage\",\"@id\":\"https:\/\/frote.ch\/degustations\/\",\"url\":\"https:\/\/frote.ch\/degustations\/\",\"name\":\"D\u00e9gustation \/ nous contacter \/ Domaine Fr\u00f4t\u00e9\",\"isPartOf\":{\"@id\":\"https:\/\/frote.ch\/#website\"},\"datePublished\":\"2020-09-29T09:17:48+00:00\",\"dateModified\":\"2022-06-08T12:31:28+00:00\",\"description\":\"D\u00e9gustez nos vins \u00e0 la cave de la Tour Carr\u00e9e ou chez nos partenaires vignerons Alain Gerber & Claude Auberson.\",\"breadcrumb\":{\"@id\":\"https:\/\/frote.ch\/degustations\/#breadcrumb\"},\"inLanguage\":\"de-CH\",\"potentialAction\":[{\"@type\":\"ReadAction\",\"target\":[\"https:\/\/frote.ch\/degustations\/\"]}]},{\"@type\":\"BreadcrumbList\",\"@id\":\"https:\/\/frote.ch\/degustations\/#breadcrumb\",\"itemListElement\":[{\"@type\":\"ListItem\",\"position\":1,\"name\":\"Accueil\",\"item\":\"https:\/\/frote.ch\/\"},{\"@type\":\"ListItem\",\"position\":2,\"name\":\"D\u00e9gustations\"}]},{\"@type\":\"WebSite\",\"@id\":\"https:\/\/frote.ch\/#website\",\"url\":\"https:\/\/frote.ch\/\",\"name\":\"Domaine Fr\u00f4t\u00e9\",\"description\":\"\",\"publisher\":{\"@id\":\"https:\/\/frote.ch\/#organization\"},\"potentialAction\":[{\"@type\":\"SearchAction\",\"target\":{\"@type\":\"EntryPoint\",\"urlTemplate\":\"https:\/\/frote.ch\/?s={search_term_string}\"},\"query-input\":{\"@type\":\"PropertyValueSpecification\",\"valueRequired\":true,\"valueName\":\"search_term_string\"}}],\"inLanguage\":\"de-CH\"},{\"@type\":\"Organization\",\"@id\":\"https:\/\/frote.ch\/#organization\",\"name\":\"Domaine Fr\u00f4t\u00e9\",\"url\":\"https:\/\/frote.ch\/\",\"logo\":{\"@type\":\"ImageObject\",\"inLanguage\":\"de-CH\",\"@id\":\"https:\/\/frote.ch\/#\/schema\/logo\/image\/\",\"url\":\"https:\/\/frote.ch\/wp-content\/uploads\/2020\/12\/logo_190_211.png\",\"contentUrl\":\"https:\/\/frote.ch\/wp-content\/uploads\/2020\/12\/logo_190_211.png\",\"width\":190,\"height\":211,\"caption\":\"Domaine Fr\u00f4t\u00e9\"},\"image\":{\"@id\":\"https:\/\/frote.ch\/#\/schema\/logo\/image\/\"},\"sameAs\":[\"https:\/\/www.youtube.com\/channel\/UCvOaQ6GZie5jiaea7SM7KWA\"]}]}<\/script>\n<!-- \/ Yoast SEO plugin. -->","yoast_head_json":{"title":"D\u00e9gustation \/ nous contacter \/ Domaine Fr\u00f4t\u00e9","description":"D\u00e9gustez nos vins \u00e0 la cave de la Tour Carr\u00e9e ou chez nos partenaires vignerons Alain Gerber & Claude Auberson.","robots":{"index":"index","follow":"follow","max-snippet":"max-snippet:-1","max-image-preview":"max-image-preview:large","max-video-preview":"max-video-preview:-1"},"canonical":"https:\/\/frote.ch\/de\/degustations\/","og_locale":"de_DE","og_type":"article","og_title":"D\u00e9gustation \/ nous contacter \/ Domaine Fr\u00f4t\u00e9","og_description":"D\u00e9gustez nos vins \u00e0 la cave de la Tour Carr\u00e9e ou chez nos partenaires vignerons Alain Gerber & Claude Auberson.","og_url":"https:\/\/frote.ch\/de\/degustations\/","og_site_name":"Domaine Fr\u00f4t\u00e9","article_modified_time":"2022-06-08T12:31:28+00:00","twitter_card":"summary_large_image","twitter_misc":{"Gesch\u00e4tzte Lesezeit":"3\u00a0Minuten"},"schema":{"@context":"https:\/\/schema.org","@graph":[{"@type":"WebPage","@id":"https:\/\/frote.ch\/degustations\/","url":"https:\/\/frote.ch\/degustations\/","name":"D\u00e9gustation \/ nous contacter \/ Domaine Fr\u00f4t\u00e9","isPartOf":{"@id":"https:\/\/frote.ch\/#website"},"datePublished":"2020-09-29T09:17:48+00:00","dateModified":"2022-06-08T12:31:28+00:00","description":"D\u00e9gustez nos vins \u00e0 la cave de la Tour Carr\u00e9e ou chez nos partenaires vignerons Alain Gerber & Claude Auberson.","breadcrumb":{"@id":"https:\/\/frote.ch\/degustations\/#breadcrumb"},"inLanguage":"de-CH","potentialAction":[{"@type":"ReadAction","target":["https:\/\/frote.ch\/degustations\/"]}]},{"@type":"BreadcrumbList","@id":"https:\/\/frote.ch\/degustations\/#breadcrumb","itemListElement":[{"@type":"ListItem","position":1,"name":"Accueil","item":"https:\/\/frote.ch\/"},{"@type":"ListItem","position":2,"name":"D\u00e9gustations"}]},{"@type":"WebSite","@id":"https:\/\/frote.ch\/#website","url":"https:\/\/frote.ch\/","name":"Domaine Fr\u00f4t\u00e9","description":"","publisher":{"@id":"https:\/\/frote.ch\/#organization"},"potentialAction":[{"@type":"SearchAction","target":{"@type":"EntryPoint","urlTemplate":"https:\/\/frote.ch\/?s={search_term_string}"},"query-input":{"@type":"PropertyValueSpecification","valueRequired":true,"valueName":"search_term_string"}}],"inLanguage":"de-CH"},{"@type":"Organization","@id":"https:\/\/frote.ch\/#organization","name":"Domaine Fr\u00f4t\u00e9","url":"https:\/\/frote.ch\/","logo":{"@type":"ImageObject","inLanguage":"de-CH","@id":"https:\/\/frote.ch\/#\/schema\/logo\/image\/","url":"https:\/\/frote.ch\/wp-content\/uploads\/2020\/12\/logo_190_211.png","contentUrl":"https:\/\/frote.ch\/wp-content\/uploads\/2020\/12\/logo_190_211.png","width":190,"height":211,"caption":"Domaine Fr\u00f4t\u00e9"},"image":{"@id":"https:\/\/frote.ch\/#\/schema\/logo\/image\/"},"sameAs":["https:\/\/www.youtube.com\/channel\/UCvOaQ6GZie5jiaea7SM7KWA"]}]}},"_links":{"self":[{"href":"https:\/\/frote.ch\/de\/wp-json\/wp\/v2\/pages\/3392","targetHints":{"allow":["GET"]}}],"collection":[{"href":"https:\/\/frote.ch\/de\/wp-json\/wp\/v2\/pages"}],"about":[{"href":"https:\/\/frote.ch\/de\/wp-json\/wp\/v2\/types\/page"}],"author":[{"embeddable":true,"href":"https:\/\/frote.ch\/de\/wp-json\/wp\/v2\/users\/1"}],"replies":[{"embeddable":true,"href":"https:\/\/frote.ch\/de\/wp-json\/wp\/v2\/comments?post=3392"}],"version-history":[{"count":42,"href":"https:\/\/frote.ch\/de\/wp-json\/wp\/v2\/pages\/3392\/revisions"}],"predecessor-version":[{"id":4512,"href":"https:\/\/frote.ch\/de\/wp-json\/wp\/v2\/pages\/3392\/revisions\/4512"}],"wp:attachment":[{"href":"https:\/\/frote.ch\/de\/wp-json\/wp\/v2\/media?parent=3392"}],"curies":[{"name":"wp","href":"https:\/\/api.w.org\/{rel}","templated":true}]}}