{"id":3789,"date":"2020-11-30T14:09:32","date_gmt":"2020-11-30T13:09:32","guid":{"rendered":"https:\/\/frote-staging.arcantel.ch\/?post_type=product&#038;p=3789"},"modified":"2025-06-08T12:50:27","modified_gmt":"2025-06-08T10:50:27","slug":"rose-de-garide","status":"publish","type":"product","link":"https:\/\/frote.ch\/de\/nos-vins\/rose-de-garide\/","title":{"rendered":"Rose de Garide"},"content":{"rendered":"<div data-vc-full-width=\"true\" data-vc-full-width-init=\"false\" data-vc-stretch-content=\"true\" class=\"vc_row wpb_row vc_row-fluid mb-0 vc_row-no-padding\"><div class=\"wpb_column vc_column_container vc_col-sm-12\"><div class=\"vc_column-inner\"><div class=\"wpb_wrapper\">\n\t<div  class=\"wpb_single_image wpb_content_element vc_align_center\">\n\t\t\n\t\t<figure class=\"wpb_wrapper vc_figure\">\n\t\t\t<div class=\"vc_single_image-wrapper   vc_box_border_grey\"><img loading=\"lazy\" decoding=\"async\" width=\"2560\" height=\"1295\" src=\"https:\/\/frote.ch\/wp-content\/uploads\/2020\/11\/Imager_rose_new1-scaled.jpg\" class=\"vc_single_image-img attachment-full\" alt=\"Rose de Garide\" srcset=\"https:\/\/frote.ch\/wp-content\/uploads\/2020\/11\/Imager_rose_new1-scaled.jpg 2560w, https:\/\/frote.ch\/wp-content\/uploads\/2020\/11\/Imager_rose_new1-300x152.jpg 300w, https:\/\/frote.ch\/wp-content\/uploads\/2020\/11\/Imager_rose_new1-1024x518.jpg 1024w, https:\/\/frote.ch\/wp-content\/uploads\/2020\/11\/Imager_rose_new1-768x388.jpg 768w, https:\/\/frote.ch\/wp-content\/uploads\/2020\/11\/Imager_rose_new1-1536x777.jpg 1536w, https:\/\/frote.ch\/wp-content\/uploads\/2020\/11\/Imager_rose_new1-2048x1036.jpg 2048w, https:\/\/frote.ch\/wp-content\/uploads\/2020\/11\/Imager_rose_new1-1320x668.jpg 1320w\" sizes=\"auto, (max-width: 2560px) 100vw, 2560px\" \/><\/div>\n\t\t<\/figure>\n\t<\/div>\n<\/div><\/div><\/div><\/div><div class=\"vc_row-full-width vc_clearfix\"><\/div><div class=\"vc_row wpb_row vc_row-fluid mb-0 pt-5 did-you-know\"><div class=\"wpb_column vc_column_container vc_col-sm-12\"><div class=\"vc_column-inner\"><div class=\"wpb_wrapper\">\n\t<div class=\"title-subtitle-box\" style=\" text-align: center;\">\n\t\t<h2 style=\" font-style: normal;\" class=\"special-title\" >\n\t\t<span style=\" color:#00822f; \">Wussten sie das?<\/span>La Garide<\/h2>\n\t<\/div> <\/div><\/div><\/div><\/div><div class=\"vc_row wpb_row vc_row-fluid\"><div class=\"wpb_column vc_column_container vc_col-sm-1\"><div class=\"vc_column-inner\"><div class=\"wpb_wrapper\"><\/div><\/div><\/div><div class=\"wpb_column vc_column_container vc_col-sm-10\"><div class=\"vc_column-inner\"><div class=\"wpb_wrapper\">\n\t<div class=\"wpb_text_column wpb_content_element  font-130\" >\n\t\t<div class=\"wpb_wrapper\">\n\t\t\t<p style=\"text-align: center;\"><em><span data-ogsc=\"rgb(72, 72, 72)\" data-ogsb=\"rgb(241, 241, 241)\">Dieser Kalksteinboden, der wenig Wasser speichert und wie die mediterrane Garigue mit Trockenrasen und Strauchheiden bedeckt ist, wird von einem kontinentalen Klima mit ausgepr\u00e4gten Jahreszeiten gepr\u00e4gt. Eine au\u00dfergew\u00f6hnliche Natur, die der Gaumen Note f\u00fcr Note in unserem Ros\u00e9 wiederfindet.<br \/>\n<\/span><\/em><\/p>\n\n\t\t<\/div>\n\t<\/div>\n<\/div><\/div><\/div><div class=\"wpb_column vc_column_container vc_col-sm-1\"><div class=\"vc_column-inner\"><div class=\"wpb_wrapper\"><\/div><\/div><\/div><\/div><div data-vc-full-width=\"true\" data-vc-full-width-init=\"false\" data-vc-stretch-content=\"true\" class=\"vc_row wpb_row vc_row-fluid mb-0 vc_row-no-padding\"><div class=\"wpb_column vc_column_container vc_col-sm-12\"><div class=\"vc_column-inner\"><div class=\"wpb_wrapper\">\n\t<div  class=\"wpb_single_image wpb_content_element vc_align_center\">\n\t\t\n\t\t<figure class=\"wpb_wrapper vc_figure\">\n\t\t\t<div class=\"vc_single_image-wrapper   vc_box_border_grey\"><img loading=\"lazy\" decoding=\"async\" width=\"2560\" height=\"1295\" src=\"https:\/\/frote.ch\/wp-content\/uploads\/2020\/11\/Imager_rose_new2-scaled.jpg\" class=\"vc_single_image-img attachment-full\" alt=\"Rose de Garide\" srcset=\"https:\/\/frote.ch\/wp-content\/uploads\/2020\/11\/Imager_rose_new2-scaled.jpg 2560w, https:\/\/frote.ch\/wp-content\/uploads\/2020\/11\/Imager_rose_new2-300x152.jpg 300w, https:\/\/frote.ch\/wp-content\/uploads\/2020\/11\/Imager_rose_new2-1024x518.jpg 1024w, https:\/\/frote.ch\/wp-content\/uploads\/2020\/11\/Imager_rose_new2-768x388.jpg 768w, https:\/\/frote.ch\/wp-content\/uploads\/2020\/11\/Imager_rose_new2-1536x777.jpg 1536w, https:\/\/frote.ch\/wp-content\/uploads\/2020\/11\/Imager_rose_new2-2048x1036.jpg 2048w, https:\/\/frote.ch\/wp-content\/uploads\/2020\/11\/Imager_rose_new2-1320x668.jpg 1320w\" sizes=\"auto, (max-width: 2560px) 100vw, 2560px\" \/><\/div>\n\t\t<\/figure>\n\t<\/div>\n<\/div><\/div><\/div><\/div><div class=\"vc_row-full-width vc_clearfix\"><\/div><div class=\"vc_row wpb_row vc_row-fluid mb-0 pt-5 did-you-know\"><div class=\"wpb_column vc_column_container vc_col-sm-12\"><div class=\"vc_column-inner\"><div class=\"wpb_wrapper\">\n\t<div class=\"title-subtitle-box\" style=\" text-align: center;\">\n\t\t<h2 style=\" font-style: normal;\" class=\"special-title\" >\n\t\t<span style=\" color:#00822f; \">Wussten sie das?<\/span>\u00ab Die Jugend ist ein St\u00fcck Tollheit \u00bb<\/h2>\n\t\t<p style=\"\" class=\"special-subtitle\">Arabisches Sprichwort<\/p>\n\t<\/div> <\/div><\/div><\/div><\/div><div class=\"vc_row wpb_row vc_row-fluid\"><div class=\"wpb_column vc_column_container vc_col-sm-1\"><div class=\"vc_column-inner\"><div class=\"wpb_wrapper\"><\/div><\/div><\/div><div class=\"wpb_column vc_column_container vc_col-sm-10\"><div class=\"vc_column-inner\"><div class=\"wpb_wrapper\">\n\t<div class=\"wpb_text_column wpb_content_element  font-130\" >\n\t\t<div class=\"wpb_wrapper\">\n\t\t\t<p style=\"text-align: center;\"><em>Der Ros\u00e9 vereint Sonne und Frische, weshalb er gern jung getrunken wird, idealerweise in einem Jahr. So entfaltet er seine ganze aromatische Palette.<\/em><\/p>\n\n\t\t<\/div>\n\t<\/div>\n<\/div><\/div><\/div><div class=\"wpb_column vc_column_container vc_col-sm-1\"><div class=\"vc_column-inner\"><div class=\"wpb_wrapper\"><\/div><\/div><\/div><\/div><div data-vc-full-width=\"true\" data-vc-full-width-init=\"false\" class=\"vc_row wpb_row vc_row-fluid navigation\"><div class=\"wpb_column vc_column_container vc_col-sm-12\"><div class=\"vc_column-inner\"><div class=\"wpb_wrapper\"><div class=\"vc_separator wpb_content_element vc_separator_align_center vc_sep_width_100 vc_sep_pos_align_center vc_separator_no_text vc_sep_color_grey\" ><span class=\"vc_sep_holder vc_sep_holder_l\"><span  class=\"vc_sep_line\"><\/span><\/span><span class=\"vc_sep_holder vc_sep_holder_r\"><span  class=\"vc_sep_line\"><\/span><\/span>\n<\/div><div class=\"vc_row wpb_row vc_inner vc_row-fluid\"><div class=\"vc_col-xs-4 wpb_column vc_column_container vc_col-sm-4\"><div class=\"vc_column-inner\"><div class=\"wpb_wrapper\">\n\t<div class=\"gg-special-button-wrapper  special-button-align-left special-button-style-btn-secondary\"><a class=\"btn btn-secondary\" href=\"\/de\/nos-vins\/pinot-noir\/\" title=\"Pinot Noir\" target=\"_self\">Pinot Noir<\/a><\/div><\/div><\/div><\/div><div class=\"vc_col-xs-4 wpb_column vc_column_container vc_col-sm-4\"><div class=\"vc_column-inner\"><div class=\"wpb_wrapper\">\n\t<div class=\"gg-special-button-wrapper  special-button-align-center special-button-style-btn-secondary\"><a class=\"btn btn-secondary\" href=\"\/de\/nos-vins\/\" title=\"Unsere Weine\" target=\"_self\">Unsere Weine<\/a><\/div><\/div><\/div><\/div><div class=\"vc_col-xs-4 wpb_column vc_column_container vc_col-sm-4\"><div class=\"vc_column-inner\"><div class=\"wpb_wrapper\">\n\t<div class=\"gg-special-button-wrapper  special-button-align-right special-button-style-btn-secondary\"><a class=\"btn btn-secondary\" href=\"\/de\/nos-vins\/chardonnay\/\" title=\"Chardonnay\" target=\"_self\">Chardonnay<\/a><\/div><\/div><\/div><\/div><\/div><\/div><\/div><\/div><\/div><div class=\"vc_row-full-width vc_clearfix\"><\/div><div data-vc-full-width=\"true\" data-vc-full-width-init=\"false\" class=\"vc_row wpb_row vc_row-fluid contact-et-degustations\"><div class=\"wpb_column vc_column_container vc_col-sm-2\"><div class=\"vc_column-inner\"><div class=\"wpb_wrapper\"><\/div><\/div><\/div><div class=\"wpb_column vc_column_container vc_col-sm-3\"><div class=\"vc_column-inner\"><div class=\"wpb_wrapper\">\n\t<div class=\"wpb_text_column wpb_content_element\" >\n\t\t<div class=\"wpb_wrapper\">\n\t\t\t<p style=\"text-align: center;\"><strong>KONTAKT<\/strong><\/p>\n<p style=\"text-align: center;\">Domaine Fr\u00f4t\u00e9 SA<br \/>\nCase Postale 438<br \/>\n2520 La Neuveville<\/p>\n<p style=\"text-align: center;\"><a href=\"tel:0041792985150\">+41 (0)79 298 51 50<\/a><br \/>\n<a href=\"mailto:info@frote.ch\">info@frote.ch<\/a><\/p>\n\n\t\t<\/div>\n\t<\/div>\n<\/div><\/div><\/div><div class=\"wpb_column vc_column_container vc_col-sm-2\"><div class=\"vc_column-inner\"><div class=\"wpb_wrapper\">\n\t<div class=\"wpb_text_column wpb_content_element\" >\n\t\t<div class=\"wpb_wrapper\">\n\t\t\t<p style=\"text-align: center;\"><strong>NEWSLETTER<\/strong><\/p>\n<p style=\"text-align: center;\" class=\"translation-block\"><a href=\"https:\/\/frote.ch\/de\/newsletter\/\" target=\"_self\">Abonnieren Sie sich<\/a>, damit Sie die Informationen unseres Weinguts regelm\u00e4\u00dfig erhalten.<\/p>\n\n\t\t<\/div>\n\t<\/div>\n<\/div><\/div><\/div><div class=\"wpb_column vc_column_container vc_col-sm-3\"><div class=\"vc_column-inner\"><div class=\"wpb_wrapper\">\n\t<div class=\"wpb_text_column wpb_content_element\" >\n\t\t<div class=\"wpb_wrapper\">\n\t\t\t<p style=\"text-align: center;\"><strong>DEGUSTATIONEN<\/strong><\/p>\n<p style=\"text-align: center;\">Auberson &amp; Fils SA<br \/>\nChemin du Tirage 25<br \/>\n2520 La Neuveville<\/p>\n<p style=\"text-align: center;\"><a href=\"tel:0041327511830\">+41 (0)32 751 18 30<\/a><br \/>\n<a href=\"mailto:info@auberson-et-fils.ch\">info@auberson-et-fils.ch<\/a><\/p>\n\n\t\t<\/div>\n\t<\/div>\n<\/div><\/div><\/div><div class=\"wpb_column vc_column_container vc_col-sm-2\"><div class=\"vc_column-inner\"><div class=\"wpb_wrapper\"><\/div><\/div><\/div><\/div><div class=\"vc_row-full-width vc_clearfix\"><\/div><div class=\"vc_row wpb_row vc_row-fluid popup-recommandations hidden\"><div class=\"wpb_column vc_column_container vc_col-sm-12\"><div class=\"vc_column-inner\"><div class=\"wpb_wrapper\">\n\t<div class=\"wpb_text_column wpb_content_element  inner\" >\n\t\t<div class=\"wpb_wrapper\">\n\t\t\t<h1>Rose de Garide<\/h1>\n<h2>SERVIERTEMPERATUR<\/h2>\n<p>Es empfiehlt sich, diesen Wein mit einer Temperatur um 8\u00b0 C zu servieren, da sich die Gl\u00e4ser vor allem im Sommer  schneller erw\u00e4rmen.<\/p>\n<h2>WANN \u00d6FFNET MAN DIE FLASCHE?<\/h2>\n<p>Der Ros\u00e9 braucht nicht dekantiert zu werden.<\/p>\n<h2>LAGERPOTENTIAL<\/h2>\n<p>Der Ros\u00e9 ist ein Wein, der jung getrunken wird: idealerweise innerhalb von zw\u00f6lf Monaten. Er l\u00e4sst sich zwei Jahre lagern.<\/p>\n<p><a href=\"#fermer\">FENSTER SCHLIESSEN<\/a><\/p>\n\n\t\t<\/div>\n\t<\/div>\n<\/div><\/div><\/div><\/div>","protected":false},"excerpt":{"rendered":"<p>Unser Ros\u00e9 ist eine Ode an die Garide, die Kalkh\u00e4nge des Juras, aus denen er stammt. Sein helles, hautfarbenes Rosa gef\u00e4llt ebenso wie seine sommerliche Nase mit Aromen von Zitrus- und wei\u00dfen Fr\u00fcchten. Er ist leicht und frisch und entfaltet im Mund einen wahren Fruchtkorb aus Pfirsichen, Birnen und Zitronen, erg\u00e4nzt durch zarte, blumige Noten. Ein Hauch von Mineralit\u00e4t verl\u00e4ngert das von der Sonne gepr\u00e4gte Trinkvergn\u00fcgen.<\/p>","protected":false},"featured_media":4355,"template":"","meta":[],"product_brand":[],"product_cat":[15],"product_tag":[],"class_list":{"0":"post-3789","1":"product","2":"type-product","3":"status-publish","4":"has-post-thumbnail","6":"product_cat-uncategorized","7":"has_thumb","9":"first","10":"instock","11":"featured","12":"purchasable","13":"product-type-variable"},"yoast_head":"<!-- This site is optimized with the Yoast SEO plugin v26.0 - https:\/\/yoast.com\/wordpress\/plugins\/seo\/ -->\n<title>Rose de Garide - Domaine Fr\u00f4t\u00e9<\/title>\n<meta name=\"robots\" content=\"index, follow, max-snippet:-1, max-image-preview:large, max-video-preview:-1\" \/>\n<link rel=\"canonical\" href=\"https:\/\/frote.ch\/de\/nos-vins\/rose-de-garide\/\" \/>\n<meta property=\"og:locale\" content=\"de_DE\" \/>\n<meta property=\"og:type\" content=\"article\" \/>\n<meta property=\"og:title\" content=\"Rose de Garide - Domaine Fr\u00f4t\u00e9\" \/>\n<meta property=\"og:description\" content=\"Ode \u00e0 la garide dont il est issu, notre ros\u00e9 s\u2019habille d\u2019une robe p\u00e2le couleur chair d\u2019une belle brillance. Son nez estival se compose d\u2019ar\u00f4mes d\u2019agrumes et de fruits blancs. Tout en l\u00e9g\u00e8ret\u00e9 et fra\u00eecheur, il r\u00e9v\u00e8le en bouche un beau panier de fruit compos\u00e9 de p\u00eaches, poires et citrons auquel s\u2019ajoutent de d\u00e9licates notes florales. Une pointe de min\u00e9ralit\u00e9 vient prolonger le plaisir de sa d\u00e9gustation empreinte de soleil.\" \/>\n<meta property=\"og:url\" content=\"https:\/\/frote.ch\/de\/nos-vins\/rose-de-garide\/\" \/>\n<meta property=\"og:site_name\" content=\"Domaine Fr\u00f4t\u00e9\" \/>\n<meta property=\"article:modified_time\" content=\"2025-06-08T10:50:27+00:00\" \/>\n<meta property=\"og:image\" content=\"https:\/\/frote.ch\/wp-content\/uploads\/2021\/07\/btlle_rose_new.png\" \/>\n\t<meta property=\"og:image:width\" content=\"1386\" \/>\n\t<meta property=\"og:image:height\" content=\"2000\" \/>\n\t<meta property=\"og:image:type\" content=\"image\/png\" \/>\n<meta name=\"twitter:card\" content=\"summary_large_image\" \/>\n<meta name=\"twitter:label1\" content=\"Gesch\u00e4tzte Lesezeit\" \/>\n\t<meta name=\"twitter:data1\" content=\"2\u00a0Minuten\" \/>\n<script type=\"application\/ld+json\" class=\"yoast-schema-graph\">{\"@context\":\"https:\/\/schema.org\",\"@graph\":[{\"@type\":\"WebPage\",\"@id\":\"https:\/\/frote.ch\/nos-vins\/rose-de-garide\/\",\"url\":\"https:\/\/frote.ch\/nos-vins\/rose-de-garide\/\",\"name\":\"Rose de Garide - Domaine Fr\u00f4t\u00e9\",\"isPartOf\":{\"@id\":\"https:\/\/frote.ch\/#website\"},\"primaryImageOfPage\":{\"@id\":\"https:\/\/frote.ch\/nos-vins\/rose-de-garide\/#primaryimage\"},\"image\":{\"@id\":\"https:\/\/frote.ch\/nos-vins\/rose-de-garide\/#primaryimage\"},\"thumbnailUrl\":\"https:\/\/frote.ch\/wp-content\/uploads\/2021\/07\/btlle_rose_new.png\",\"datePublished\":\"2020-11-30T13:09:32+00:00\",\"dateModified\":\"2025-06-08T10:50:27+00:00\",\"breadcrumb\":{\"@id\":\"https:\/\/frote.ch\/nos-vins\/rose-de-garide\/#breadcrumb\"},\"inLanguage\":\"de-CH\",\"potentialAction\":[{\"@type\":\"ReadAction\",\"target\":[\"https:\/\/frote.ch\/nos-vins\/rose-de-garide\/\"]}]},{\"@type\":\"ImageObject\",\"inLanguage\":\"de-CH\",\"@id\":\"https:\/\/frote.ch\/nos-vins\/rose-de-garide\/#primaryimage\",\"url\":\"https:\/\/frote.ch\/wp-content\/uploads\/2021\/07\/btlle_rose_new.png\",\"contentUrl\":\"https:\/\/frote.ch\/wp-content\/uploads\/2021\/07\/btlle_rose_new.png\",\"width\":1386,\"height\":2000},{\"@type\":\"BreadcrumbList\",\"@id\":\"https:\/\/frote.ch\/nos-vins\/rose-de-garide\/#breadcrumb\",\"itemListElement\":[{\"@type\":\"ListItem\",\"position\":1,\"name\":\"Accueil\",\"item\":\"https:\/\/frote.ch\/\"},{\"@type\":\"ListItem\",\"position\":2,\"name\":\"Boutique\",\"item\":\"https:\/\/frote.ch\/shop\/\"},{\"@type\":\"ListItem\",\"position\":3,\"name\":\"Rose de Garide\"}]},{\"@type\":\"WebSite\",\"@id\":\"https:\/\/frote.ch\/#website\",\"url\":\"https:\/\/frote.ch\/\",\"name\":\"Domaine Fr\u00f4t\u00e9\",\"description\":\"\",\"publisher\":{\"@id\":\"https:\/\/frote.ch\/#organization\"},\"potentialAction\":[{\"@type\":\"SearchAction\",\"target\":{\"@type\":\"EntryPoint\",\"urlTemplate\":\"https:\/\/frote.ch\/?s={search_term_string}\"},\"query-input\":{\"@type\":\"PropertyValueSpecification\",\"valueRequired\":true,\"valueName\":\"search_term_string\"}}],\"inLanguage\":\"de-CH\"},{\"@type\":\"Organization\",\"@id\":\"https:\/\/frote.ch\/#organization\",\"name\":\"Domaine Fr\u00f4t\u00e9\",\"url\":\"https:\/\/frote.ch\/\",\"logo\":{\"@type\":\"ImageObject\",\"inLanguage\":\"de-CH\",\"@id\":\"https:\/\/frote.ch\/#\/schema\/logo\/image\/\",\"url\":\"https:\/\/frote.ch\/wp-content\/uploads\/2020\/12\/logo_190_211.png\",\"contentUrl\":\"https:\/\/frote.ch\/wp-content\/uploads\/2020\/12\/logo_190_211.png\",\"width\":190,\"height\":211,\"caption\":\"Domaine Fr\u00f4t\u00e9\"},\"image\":{\"@id\":\"https:\/\/frote.ch\/#\/schema\/logo\/image\/\"},\"sameAs\":[\"https:\/\/www.youtube.com\/channel\/UCvOaQ6GZie5jiaea7SM7KWA\"]}]}<\/script>\n<!-- \/ Yoast SEO plugin. -->","yoast_head_json":{"title":"Rose de Garide - Domaine Fr\u00f4t\u00e9","robots":{"index":"index","follow":"follow","max-snippet":"max-snippet:-1","max-image-preview":"max-image-preview:large","max-video-preview":"max-video-preview:-1"},"canonical":"https:\/\/frote.ch\/de\/nos-vins\/rose-de-garide\/","og_locale":"de_DE","og_type":"article","og_title":"Rose de Garide - Domaine Fr\u00f4t\u00e9","og_description":"Ode \u00e0 la garide dont il est issu, notre ros\u00e9 s\u2019habille d\u2019une robe p\u00e2le couleur chair d\u2019une belle brillance. Son nez estival se compose d\u2019ar\u00f4mes d\u2019agrumes et de fruits blancs. Tout en l\u00e9g\u00e8ret\u00e9 et fra\u00eecheur, il r\u00e9v\u00e8le en bouche un beau panier de fruit compos\u00e9 de p\u00eaches, poires et citrons auquel s\u2019ajoutent de d\u00e9licates notes florales. Une pointe de min\u00e9ralit\u00e9 vient prolonger le plaisir de sa d\u00e9gustation empreinte de soleil.","og_url":"https:\/\/frote.ch\/de\/nos-vins\/rose-de-garide\/","og_site_name":"Domaine Fr\u00f4t\u00e9","article_modified_time":"2025-06-08T10:50:27+00:00","og_image":[{"width":1386,"height":2000,"url":"https:\/\/frote.ch\/wp-content\/uploads\/2021\/07\/btlle_rose_new.png","type":"image\/png"}],"twitter_card":"summary_large_image","twitter_misc":{"Gesch\u00e4tzte Lesezeit":"2\u00a0Minuten"},"schema":{"@context":"https:\/\/schema.org","@graph":[{"@type":"WebPage","@id":"https:\/\/frote.ch\/nos-vins\/rose-de-garide\/","url":"https:\/\/frote.ch\/nos-vins\/rose-de-garide\/","name":"Rose de Garide - Domaine Fr\u00f4t\u00e9","isPartOf":{"@id":"https:\/\/frote.ch\/#website"},"primaryImageOfPage":{"@id":"https:\/\/frote.ch\/nos-vins\/rose-de-garide\/#primaryimage"},"image":{"@id":"https:\/\/frote.ch\/nos-vins\/rose-de-garide\/#primaryimage"},"thumbnailUrl":"https:\/\/frote.ch\/wp-content\/uploads\/2021\/07\/btlle_rose_new.png","datePublished":"2020-11-30T13:09:32+00:00","dateModified":"2025-06-08T10:50:27+00:00","breadcrumb":{"@id":"https:\/\/frote.ch\/nos-vins\/rose-de-garide\/#breadcrumb"},"inLanguage":"de-CH","potentialAction":[{"@type":"ReadAction","target":["https:\/\/frote.ch\/nos-vins\/rose-de-garide\/"]}]},{"@type":"ImageObject","inLanguage":"de-CH","@id":"https:\/\/frote.ch\/nos-vins\/rose-de-garide\/#primaryimage","url":"https:\/\/frote.ch\/wp-content\/uploads\/2021\/07\/btlle_rose_new.png","contentUrl":"https:\/\/frote.ch\/wp-content\/uploads\/2021\/07\/btlle_rose_new.png","width":1386,"height":2000},{"@type":"BreadcrumbList","@id":"https:\/\/frote.ch\/nos-vins\/rose-de-garide\/#breadcrumb","itemListElement":[{"@type":"ListItem","position":1,"name":"Accueil","item":"https:\/\/frote.ch\/"},{"@type":"ListItem","position":2,"name":"Boutique","item":"https:\/\/frote.ch\/shop\/"},{"@type":"ListItem","position":3,"name":"Rose de Garide"}]},{"@type":"WebSite","@id":"https:\/\/frote.ch\/#website","url":"https:\/\/frote.ch\/","name":"Domaine Fr\u00f4t\u00e9","description":"","publisher":{"@id":"https:\/\/frote.ch\/#organization"},"potentialAction":[{"@type":"SearchAction","target":{"@type":"EntryPoint","urlTemplate":"https:\/\/frote.ch\/?s={search_term_string}"},"query-input":{"@type":"PropertyValueSpecification","valueRequired":true,"valueName":"search_term_string"}}],"inLanguage":"de-CH"},{"@type":"Organization","@id":"https:\/\/frote.ch\/#organization","name":"Domaine Fr\u00f4t\u00e9","url":"https:\/\/frote.ch\/","logo":{"@type":"ImageObject","inLanguage":"de-CH","@id":"https:\/\/frote.ch\/#\/schema\/logo\/image\/","url":"https:\/\/frote.ch\/wp-content\/uploads\/2020\/12\/logo_190_211.png","contentUrl":"https:\/\/frote.ch\/wp-content\/uploads\/2020\/12\/logo_190_211.png","width":190,"height":211,"caption":"Domaine Fr\u00f4t\u00e9"},"image":{"@id":"https:\/\/frote.ch\/#\/schema\/logo\/image\/"},"sameAs":["https:\/\/www.youtube.com\/channel\/UCvOaQ6GZie5jiaea7SM7KWA"]}]}},"_links":{"self":[{"href":"https:\/\/frote.ch\/de\/wp-json\/wp\/v2\/product\/3789","targetHints":{"allow":["GET"]}}],"collection":[{"href":"https:\/\/frote.ch\/de\/wp-json\/wp\/v2\/product"}],"about":[{"href":"https:\/\/frote.ch\/de\/wp-json\/wp\/v2\/types\/product"}],"wp:featuredmedia":[{"embeddable":true,"href":"https:\/\/frote.ch\/de\/wp-json\/wp\/v2\/media\/4355"}],"wp:attachment":[{"href":"https:\/\/frote.ch\/de\/wp-json\/wp\/v2\/media?parent=3789"}],"wp:term":[{"taxonomy":"product_brand","embeddable":true,"href":"https:\/\/frote.ch\/de\/wp-json\/wp\/v2\/product_brand?post=3789"},{"taxonomy":"product_cat","embeddable":true,"href":"https:\/\/frote.ch\/de\/wp-json\/wp\/v2\/product_cat?post=3789"},{"taxonomy":"product_tag","embeddable":true,"href":"https:\/\/frote.ch\/de\/wp-json\/wp\/v2\/product_tag?post=3789"}],"curies":[{"name":"wp","href":"https:\/\/api.w.org\/{rel}","templated":true}]}}